{"id":4,"date":"2011-07-06T19:41:59","date_gmt":"2011-07-06T17:41:59","guid":{"rendered":"http:\/\/ispas-ev.de\/wordpress\/?page_id=4"},"modified":"2023-01-25T11:48:18","modified_gmt":"2023-01-25T10:48:18","slug":"termine","status":"publish","type":"page","link":"https:\/\/test.ispas-ev.de\/?page_id=4","title":{"rendered":"Termine"},"content":{"rendered":"<p>&nbsp;<\/p>\n<table style=\"font-size: small; border: 0px solid #009900; height: 6632px; width: 97.0915%;\" border=\"0\" width=\"718\" frame=\"box\" cellspacing=\"5\" cellpadding=\"10\">\n<thead>\n<tr style=\"background-color: #008000; height: 36px;\">\n<td style=\"text-align: right; height: 36px; width: 21.3484%; background-color: #2b8731;\"><span style=\"color: #ccffcc;\"><strong>Zeitpunkt<\/strong><\/span><\/td>\n<td style=\"height: 36px; width: 53.8991%; background-color: #2b8731;\"><span style=\"color: #ccffcc;\"><strong>Ereignis<\/strong><\/span><\/td>\n<td style=\"height: 36px; width: 28.3305%; background-color: #2b8731;\"><span style=\"color: #ccffcc;\"><strong>Ort<\/strong><\/span><\/td>\n<td style=\"width: 8.04007%; height: 36px;\"><\/td>\n<\/tr>\n<tr style=\"height: 36px;\">\n<td style=\"background-color: #ccffae; text-align: center; width: 75.2475%; height: 36px;\" colspan=\"2\"><strong>2023<\/strong><\/td>\n<td style=\"background-color: #ccffae; text-align: left; width: 28.3305%; height: 36px;\"><\/td>\n<td style=\"width: 8.04007%; height: 36px;\"><\/td>\n<\/tr>\n<tr>\n<td style=\"background-color: #edfee3; text-align: right; width: 21.3484%;\"><strong>27.11.23; 19.30<\/strong><\/td>\n<td style=\"background-color: #edfee3; width: 53.8991%;\"><strong>Erweiterte Vorstandssitzung<\/strong><\/td>\n<td style=\"background-color: #edfee3; text-align: right; width: 28.3305%;\"><\/td>\n<td style=\"background-color: #edfee3; width: 8.04007%;\"><\/td>\n<\/tr>\n<tr>\n<td style=\"background-color: #edfee3; text-align: right; width: 21.3484%;\"><strong>09.10.23; <em>19.30<\/em><\/strong><\/td>\n<td style=\"background-color: #edfee3; width: 53.8991%;\"><strong>Erweiterte Vorstandssitzung<\/strong><\/td>\n<td style=\"background-color: #edfee3; text-align: right; width: 28.3305%;\"><\/td>\n<td style=\"background-color: #edfee3; width: 8.04007%;\"><\/td>\n<\/tr>\n<tr>\n<td style=\"background-color: #edfee3; text-align: right; width: 21.3484%;\"><strong>28.07.23; <em>18.00<\/em><\/strong><\/td>\n<td style=\"background-color: #edfee3; width: 53.8991%;\"><strong>MITGLIEDERVERSAMMLUNG<\/strong><\/td>\n<td style=\"background-color: #edfee3; text-align: right; width: 28.3305%;\"><\/td>\n<td style=\"background-color: #edfee3; width: 8.04007%;\"><\/td>\n<\/tr>\n<tr>\n<td style=\"background-color: #edfee3; text-align: right; width: 21.3484%;\"><strong>12.06.23; <em>19.30<\/em><\/strong><\/td>\n<td style=\"background-color: #edfee3; width: 53.8991%;\"><strong>Erweiterte Vorstandssitzung<\/strong><\/td>\n<td style=\"background-color: #edfee3; text-align: right; width: 28.3305%;\"><\/td>\n<td style=\"background-color: #edfee3; width: 8.04007%;\"><\/td>\n<\/tr>\n<tr>\n<td style=\"background-color: #edfee3; text-align: right; width: 21.3484%;\"><strong>15.05.23;<em> 19.30<\/em><\/strong><\/td>\n<td style=\"background-color: #edfee3; width: 53.8991%;\"><strong>Erweiterte Vorstandssitzung<\/strong><\/td>\n<td style=\"background-color: #edfee3; text-align: right; width: 28.3305%;\"><\/td>\n<td style=\"background-color: #edfee3; width: 8.04007%;\"><\/td>\n<\/tr>\n<tr>\n<td style=\"background-color: #edfee3; text-align: right; width: 21.3484%;\"><strong>17.04.23; <em>19.30<\/em><\/strong><\/td>\n<td style=\"background-color: #edfee3; width: 53.8991%;\"><strong>Erweiterte Vorstandssitzung<\/strong><\/td>\n<td style=\"background-color: #edfee3; text-align: right; width: 28.3305%;\"><\/td>\n<td style=\"background-color: #edfee3; width: 8.04007%;\"><\/td>\n<\/tr>\n<tr>\n<td style=\"background-color: #edfee3; text-align: right; width: 21.3484%;\"><strong>27.03.23; <em>19.30<\/em><\/strong><\/td>\n<td style=\"background-color: #edfee3; width: 53.8991%;\"><strong>Erweiterte Vorstandssitzung, wahrscheinlich Gegenbesuch aus Sondrio um diese Zeit herum<\/strong><\/td>\n<td style=\"background-color: #edfee3; text-align: right; width: 28.3305%;\"><\/td>\n<td style=\"background-color: #edfee3; width: 8.04007%;\"><\/td>\n<\/tr>\n<tr style=\"height: 36px;\">\n<td style=\"background-color: #edfee3; text-align: right; width: 21.3484%; height: 36px;\"><strong>27.02.23; <em>19.30<\/em><\/strong><\/td>\n<td style=\"background-color: #edfee3; width: 53.8991%; height: 36px;\"><strong>Erweiterte Vorstandssitzung<\/strong><\/td>\n<td style=\"background-color: #edfee3; text-align: right; width: 28.3305%; height: 36px;\"><\/td>\n<td style=\"background-color: #edfee3; width: 8.04007%; height: 36px;\"><\/td>\n<\/tr>\n<tr style=\"height: 36px;\">\n<td style=\"background-color: #edfee3; text-align: right; width: 21.3484%; height: 36px;\"><strong>23.01.23; <em>19.30<\/em><\/strong><\/td>\n<td style=\"background-color: #edfee3; width: 53.8991%; height: 36px;\"><strong>Erweiterte Vorstandssitzung<\/strong><\/td>\n<td style=\"background-color: #edfee3; text-align: right; width: 28.3305%; height: 36px;\"><span style=\"color: #339966;\">Lehrerzimmer SMTT<\/span><\/td>\n<td style=\"background-color: #edfee3; width: 8.04007%; height: 36px;\"><\/td>\n<\/tr>\n<tr style=\"height: 36px;\">\n<td style=\"background-color: #edfee3; text-align: right; width: 21.3484%; height: 36px;\"><strong>12.01.23; <em>19.30<\/em><\/strong><\/td>\n<td style=\"background-color: #edfee3; width: 53.8991%; height: 36px;\"><strong>Treffen Projektgruppe &#8222;Relaunch ISPAS Website&#8220;<\/strong><\/td>\n<td style=\"background-color: #edfee3; text-align: right; width: 28.3305%; height: 36px;\"><span style=\"color: #339966;\">Altes Rath\u00e4usle Maichingen, ehemaliger Sitzungssaal<\/span><\/td>\n<td style=\"background-color: #edfee3; width: 8.04007%; height: 36px;\"><\/td>\n<\/tr>\n<tr style=\"height: 36px;\">\n<td style=\"background-color: #ccffae; text-align: center; height: 36px; width: 75.2475%;\" colspan=\"2\"><strong>2022<\/strong><\/td>\n<td style=\"background-color: #ccffae; text-align: left; width: 28.3305%; height: 36px;\"><\/td>\n<td style=\"width: 8.04007%; height: 36px;\"><\/td>\n<\/tr>\n<tr style=\"height: 58px;\">\n<td style=\"background-color: #edfee3; text-align: right; width: 21.3484%; height: 58px;\"><strong>10.12.22; <em>10<\/em><\/strong><\/td>\n<td style=\"background-color: #edfee3; width: 53.8991%; height: 58px;\"><strong>Empfang der Stadt f\u00fcr Delegationen aus den Partnerst\u00e4dten, die 2020, 2021 und 2022 Jubil\u00e4en hatten<\/strong><\/td>\n<td style=\"background-color: #edfee3; width: 28.3305%; height: 58px;\"><span style=\"color: #339966;\">Foyer des Rathauses Sindelfingen<\/span><\/td>\n<td style=\"width: 8.04007%; height: 58px;\"><\/td>\n<\/tr>\n<tr style=\"height: 36px;\">\n<td style=\"background-color: #edfee3; text-align: right; width: 21.3484%; height: 36px;\"><strong>04.12.22;<em> 16-18<\/em><\/strong><\/td>\n<td style=\"background-color: #edfee3; width: 53.8991%; height: 36px;\"><strong>ISPAS-Treff auf dem Weihnachtsmarkt\u00a0<\/strong><\/td>\n<td style=\"background-color: #edfee3; width: 28.3305%; height: 36px;\"><span style=\"color: #339966;\">Beim Torgauer Stand<\/span><\/td>\n<td style=\"width: 8.04007%; height: 36px;\"><\/td>\n<\/tr>\n<tr style=\"height: 36px;\">\n<td style=\"background-color: #edfee3; text-align: right; width: 21.3484%; height: 36px;\"><strong>28.11.22; <em>19.30<\/em><\/strong><\/td>\n<td style=\"background-color: #edfee3; width: 53.8991%; height: 36px;\"><strong>Erweiterte Vorstandssitzung<\/strong><\/td>\n<td style=\"background-color: #edfee3; width: 28.3305%; height: 36px;\"><span style=\"color: #339966;\">Lehrerzimmer SMTT<\/span><\/td>\n<td style=\"width: 8.04007%; height: 36px;\"><\/td>\n<\/tr>\n<tr style=\"height: 36px;\">\n<td style=\"background-color: #edfee3; text-align: right; width: 21.3484%; height: 36px;\"><strong>21.10. &#8211; 02.11.<\/strong><\/td>\n<td style=\"background-color: #edfee3; width: 53.8991%; height: 36px;\"><strong>B\u00fcrgerfahrt nach Sondrio<\/strong><\/td>\n<td style=\"background-color: #edfee3; width: 28.3305%; height: 36px;\"><span style=\"color: #339966;\">7.30 Abfahrt Glaspalast<\/span><\/td>\n<td style=\"width: 8.04007%; height: 36px;\"><\/td>\n<\/tr>\n<tr style=\"height: 36px;\">\n<td style=\"background-color: #edfee3; text-align: right; width: 21.3484%; height: 36px;\"><strong>26.09.; <em>19.30<\/em><\/strong><\/td>\n<td style=\"background-color: #edfee3; width: 53.8991%; height: 36px;\"><strong>Erweiterte Vorstandssitzung<\/strong><\/td>\n<td style=\"background-color: #edfee3; width: 28.3305%; height: 36px;\"><span style=\"color: #339966;\">Lehrerzimmer\u00a0 SMTT<\/span><\/td>\n<td style=\"width: 8.04007%; height: 36px;\"><\/td>\n<\/tr>\n<tr style=\"height: 58px;\">\n<td style=\"background-color: #edfee3; text-align: right; width: 21.3484%; height: 37px;\"><strong>15.09. &#8211; 19.09.<\/strong><\/td>\n<td style=\"background-color: #edfee3; width: 53.8991%; height: 37px;\"><strong>B\u00fcrgerfahrt nach Dronfield<\/strong><\/td>\n<td style=\"background-color: #edfee3; width: 28.3305%; height: 37px;\"><\/td>\n<td style=\"width: 8.04007%; height: 37px;\"><\/td>\n<\/tr>\n<tr style=\"height: 58px;\">\n<td style=\"background-color: #edfee3; text-align: right; width: 21.3484%; height: 37px;\"><strong>06.08.; <em>16.00<\/em><\/strong><\/td>\n<td style=\"background-color: #edfee3; width: 53.8991%; height: 37px;\"><strong>Wanderung Sch\u00f6nbuch und Weinberg mit Thomas Speer<\/strong><\/td>\n<td style=\"background-color: #edfee3; width: 28.3305%; height: 37px;\"><span style=\"color: #339966;\">Wanderparkplatz Friedhof Breitenholz<\/span><\/td>\n<td style=\"width: 8.04007%; height: 37px;\"><\/td>\n<\/tr>\n<tr style=\"height: 36px;\">\n<td style=\"background-color: #edfee3; text-align: right; width: 21.3484%; height: 36px;\"><strong>29.07.; <em>18.00<\/em><\/strong><\/td>\n<td style=\"background-color: #edfee3; width: 53.8991%; height: 36px;\"><strong>Mitgliederversammlung<\/strong><\/td>\n<td style=\"background-color: #edfee3; width: 28.3305%; height: 36px;\"><span style=\"color: #339966;\">Galerie<\/span><\/td>\n<td style=\"width: 8.04007%; height: 36px;\"><\/td>\n<\/tr>\n<tr style=\"height: 58px;\">\n<td style=\"background-color: #edfee3; text-align: right; width: 21.3484%; height: 37px;\"><strong>11.07.;\u00a0 <em>19.30<\/em><\/strong><\/td>\n<td style=\"background-color: #edfee3; width: 53.8991%; height: 37px;\"><strong>Erweiterte Vorstandssitzung<\/strong><\/td>\n<td style=\"background-color: #edfee3; width: 28.3305%; height: 37px;\"><span style=\"color: #339966;\">Lehrerzimmer\u00a0 SMTT<\/span><\/td>\n<td style=\"width: 8.04007%; height: 37px;\"><\/td>\n<\/tr>\n<tr style=\"height: 58px;\">\n<td style=\"background-color: #edfee3; text-align: right; width: 21.3484%; height: 37px;\"><strong>30.06.-03.07.; <em>7.30<\/em><\/strong><\/td>\n<td style=\"background-color: #edfee3; width: 53.8991%; height: 37px;\"><strong>B\u00fcrgerfahrt nach Torgau<\/strong><\/td>\n<td style=\"background-color: #edfee3; width: 28.3305%; height: 37px;\"><span style=\"color: #339966;\">Abfahrt Glaspalast<\/span><\/td>\n<td style=\"width: 8.04007%; height: 37px;\"><\/td>\n<\/tr>\n<tr style=\"height: 36px;\">\n<td style=\"background-color: #edfee3; text-align: right; width: 21.3484%; height: 36px;\"><strong>17.06.-19.06.<\/strong><\/td>\n<td style=\"background-color: #edfee3; width: 53.8991%; height: 36px;\"><strong>Internationales Stra\u00dfenfest<\/strong><\/td>\n<td style=\"background-color: #edfee3; width: 28.3305%; height: 36px;\"><span style=\"color: #339966;\">\u00a0Partnerschaftsstra\u00dfe<\/span><\/td>\n<td style=\"width: 8.04007%; height: 36px;\"><\/td>\n<\/tr>\n<tr style=\"height: 36px;\">\n<td style=\"background-color: #edfee3; text-align: right; width: 21.3484%; height: 36px;\"><strong>09.05.; <em>19.30<\/em><\/strong><\/td>\n<td style=\"background-color: #edfee3; width: 53.8991%; height: 36px;\"><strong>Erweiterte Vorstandssitzung<\/strong><\/td>\n<td style=\"background-color: #edfee3; width: 28.3305%; height: 36px;\"><span style=\"color: #339966;\">Lehrerzimmer SMTT<\/span><\/td>\n<td style=\"width: 8.04007%; height: 36px;\"><\/td>\n<\/tr>\n<tr style=\"height: 58px;\">\n<td style=\"background-color: #edfee3; text-align: right; width: 21.3484%; height: 58px;\"><strong>09.05.; <em>18.30<\/em><\/strong><\/td>\n<td style=\"background-color: #edfee3; width: 53.8991%; height: 58px;\"><strong>Fototermin f\u00fcr den erweiterten Vorstand<\/strong><\/td>\n<td style=\"background-color: #edfee3; width: 28.3305%; height: 58px;\"><span style=\"color: #339966;\">Nordeingang\u00a0 Rathaus Wolboldstra\u00dfe<\/span><\/td>\n<td style=\"width: 8.04007%; height: 58px;\"><\/td>\n<\/tr>\n<tr style=\"height: 36px;\">\n<td style=\"background-color: #edfee3; text-align: right; width: 21.3484%; height: 36px;\"><strong>29.03.; <em>19.30<\/em><\/strong><\/td>\n<td style=\"background-color: #edfee3; width: 53.8991%; height: 36px;\"><strong>Erweiterte Vorstandssitzung<\/strong><\/td>\n<td style=\"background-color: #edfee3; width: 28.3305%; height: 36px;\"><span style=\"color: #339966;\">Lehrerzimmer SMTT<\/span><\/td>\n<td style=\"width: 8.04007%; height: 36px;\"><\/td>\n<\/tr>\n<tr style=\"height: 58px;\">\n<td style=\"background-color: #edfee3; text-align: right; width: 21.3484%; height: 37px;\"><strong>08.03.;<em> 18.00<\/em><\/strong><\/td>\n<td style=\"background-color: #edfee3; width: 53.8991%; height: 37px;\"><strong>Solidarit\u00e4tskundgebung f\u00fcr die Ukraine<\/strong><\/td>\n<td style=\"background-color: #edfee3; width: 28.3305%; height: 37px;\"><span style=\"color: #339966;\">Marktplatz Sindelfingen<\/span><\/td>\n<td style=\"width: 8.04007%; height: 37px;\"><\/td>\n<\/tr>\n<tr style=\"height: 58px;\">\n<td style=\"background-color: #edfee3; text-align: right; width: 21.3484%; height: 37px;\"><strong>07.02.;<em> 19.30<\/em><\/strong><\/td>\n<td style=\"background-color: #edfee3; width: 53.8991%; height: 37px;\"><strong>Erweiterte Vorstandssitzung<\/strong><\/td>\n<td style=\"background-color: #edfee3; width: 28.3305%; height: 37px;\"><span style=\"color: #339966;\">Zoom-Meeting<\/span><\/td>\n<td style=\"width: 8.04007%; height: 37px;\"><\/td>\n<\/tr>\n<tr style=\"height: 34px;\">\n<td style=\"background-color: #ccffae; text-align: center; height: 40px; width: 75.2475%;\" colspan=\"2\"><strong>2021<\/strong><\/td>\n<td style=\"background-color: #ccffae; text-align: left; width: 28.3305%; height: 40px;\"><\/td>\n<td style=\"width: 8.04007%; height: 40px;\"><\/td>\n<\/tr>\n<tr style=\"height: 36px;\">\n<td style=\"background-color: #edfee3; text-align: right; width: 21.3484%; height: 36px;\"><strong>01.12.; <em>19.30<\/em><\/strong><\/td>\n<td style=\"background-color: #edfee3; width: 53.8991%; height: 36px;\"><strong>Erweiterte Vorstandssitzung<\/strong><\/td>\n<td style=\"background-color: #edfee3; width: 28.3305%; height: 36px;\"><span style=\"color: #339966;\">Zoom-Meeting<\/span><\/td>\n<td style=\"width: 8.04007%; height: 36px;\"><\/td>\n<\/tr>\n<tr style=\"height: 80px;\">\n<td style=\"background-color: #edfee3; text-align: right; width: 21.3484%; height: 80px;\"><strong>Ab 22.11.\u00a0<\/strong><\/td>\n<td style=\"background-color: #edfee3; width: 53.8991%; height: 80px;\"><strong>sind Corona-bedingt bis auf Weiteres keinerlei gemeinsame Aktivit\u00e4ten m\u00f6glich. Falls Videokonferenzen n\u00f6tig sind, wird es zeitnah bekanntgegeben.<\/strong><\/td>\n<td style=\"background-color: #edfee3; width: 28.3305%; height: 80px;\"><\/td>\n<td style=\"width: 8.04007%; height: 80px;\"><\/td>\n<\/tr>\n<tr style=\"height: 36px;\">\n<td style=\"background-color: #edfee3; text-align: right; width: 21.3484%; height: 36px;\"><strong>20.10.;<em> 19.30<\/em><\/strong><\/td>\n<td style=\"background-color: #edfee3; width: 53.8991%; height: 36px;\"><strong>Erweiterte Vorstandssitzung\u00a0<\/strong><\/td>\n<td style=\"background-color: #edfee3; width: 28.3305%; height: 36px;\"><span style=\"color: #339966;\">Ev. Gemeindehaus Darmsheim<\/span><\/td>\n<td style=\"width: 8.04007%; height: 36px;\"><\/td>\n<\/tr>\n<tr style=\"height: 58px;\">\n<td style=\"background-color: #edfee3; text-align: right; width: 21.3484%; height: 58px;\"><strong>08.10.;<em> 15.30<\/em><\/strong><\/td>\n<td style=\"background-color: #edfee3; width: 53.8991%; height: 58px;\"><strong>Gemeinsamer Herbstspaziergang\u00a0<\/strong><\/td>\n<td style=\"background-color: #edfee3; width: 28.3305%; height: 58px;\"><span style=\"color: #339966;\">Treffpunkt Schranke hinterm Krankenhaus<\/span><\/td>\n<td style=\"width: 8.04007%; height: 58px;\"><\/td>\n<\/tr>\n<tr style=\"height: 36px;\">\n<td style=\"background-color: #edfee3; text-align: right; width: 21.3484%; height: 36px;\"><strong>30.07.; <em>18.00<\/em><\/strong><\/td>\n<td style=\"background-color: #edfee3; width: 53.8991%; height: 36px;\"><strong>Mitgliederversammlung unter Corona-Auflagen<\/strong><\/td>\n<td style=\"background-color: #edfee3; width: 28.3305%; height: 36px;\"><span style=\"color: #339966;\">Oktagon SMTT<\/span><\/td>\n<td style=\"width: 8.04007%; height: 36px;\"><\/td>\n<\/tr>\n<tr style=\"height: 34px;\">\n<td style=\"background-color: #edfee3; text-align: right; width: 21.3484%; height: 34px;\"><strong>03.05.; <em>19.30<\/em><\/strong><\/td>\n<td style=\"background-color: #edfee3; width: 53.8991%; height: 34px;\"><strong>Erweiterte Vorstandssitzung<\/strong><\/td>\n<td style=\"background-color: #edfee3; width: 28.3305%; height: 34px;\"><\/td>\n<td style=\"width: 8.04007%; height: 34px;\"><\/td>\n<\/tr>\n<tr style=\"height: 34px;\">\n<td style=\"background-color: #edfee3; text-align: right; width: 21.3484%; height: 34px;\"><strong>12.04.; <em>19.<\/em><\/strong><em><strong style=\"font-family: inherit; font-size: 13px;\">3<\/strong><strong style=\"font-family: inherit; font-size: 13px;\">0<\/strong><\/em><strong><br \/>\n<\/strong><\/td>\n<td style=\"background-color: #edfee3; width: 53.8991%; height: 34px;\"><strong>Erweiterte Vorstandssitzung<\/strong><\/td>\n<td style=\"background-color: #edfee3; width: 28.3305%; height: 34px;\"><span style=\"color: #339966;\">Virtuell per senfcall<\/span><\/td>\n<td style=\"width: 8.04007%; height: 34px;\"><\/td>\n<\/tr>\n<tr style=\"height: 34px;\">\n<td style=\"background-color: #edfee3; text-align: right; width: 21.3484%; height: 34px;\"><span style=\"color: #000000;\"><strong>01.02.; <em>19.30<\/em><\/strong><\/span><\/td>\n<td style=\"background-color: #edfee3; width: 53.8991%; height: 34px;\"><strong>Erweiterte Vorstandssitzung<\/strong><\/td>\n<td style=\"background-color: #edfee3; width: 28.3305%; height: 34px;\"><span style=\"color: #008000;\">Zoom Meeting<\/span><\/td>\n<td style=\"width: 8.04007%; height: 34px;\"><\/td>\n<\/tr>\n<tr style=\"height: 34px;\">\n<td style=\"background-color: #ccffae; text-align: center; width: 75.2475%; height: 44px;\" colspan=\"2\"><strong>2020<\/strong><\/td>\n<td style=\"background-color: #ccffae; text-align: left; width: 28.3305%; height: 44px;\"><\/td>\n<td style=\"width: 8.04007%; height: 44px;\"><\/td>\n<\/tr>\n<tr style=\"height: 78px;\">\n<td style=\"background-color: #edfee3; text-align: right; width: 21.3484%; height: 78px;\"><del><strong style=\"font-family: inherit; font-size: 13px;\">14.11.; <em>18.00<\/em><\/strong><\/del><\/td>\n<td style=\"background-color: #edfee3; width: 53.8991%; height: 78px;\"><del><strong>25 Jahre ISPAS e.V. \u2013 Jubil\u00e4umsveranst<\/strong><strong>altung<\/strong><\/del><\/td>\n<td style=\"background-color: #edfee3; width: 28.3305%; height: 78px;\"><span style=\"color: #008000;\">Musikschule SMTT, Wolboldstra\u00dfe 21, Sindelfingen<\/span><\/td>\n<td style=\"width: 8.04007%; height: 78px;\"><\/td>\n<\/tr>\n<tr style=\"height: 34px;\">\n<td style=\"background-color: #edfee3; text-align: right; width: 21.3484%; height: 34px;\"><del><strong>17.09. &#8211; 21.09.<\/strong><\/del><\/td>\n<td style=\"background-color: #edfee3; width: 53.8991%; height: 34px;\"><del><strong>B\u00fcrgerfahrt nach Dronfield<\/strong><\/del><\/td>\n<td style=\"background-color: #edfee3; width: 28.3305%; height: 34px;\"><del><span style=\"color: #008000;\">Dronfield und Umgebung<\/span><\/del><\/td>\n<td style=\"width: 8.04007%; height: 34px;\"><\/td>\n<\/tr>\n<tr style=\"height: 34px;\">\n<td style=\"background-color: #edfee3; text-align: right; width: 21.3484%; height: 34px;\"><del><strong style=\"font-family: inherit; font-size: 13px;\">19.10., <em>19.30<\/em><\/strong><\/del><\/td>\n<td style=\"background-color: #edfee3; width: 53.8991%; height: 34px;\"><del><strong>Erweiterte Vorstandssitzung<\/strong><\/del><\/td>\n<td style=\"background-color: #edfee3; width: 28.3305%; height: 34px;\"><span style=\"color: #008000;\">Odeon SMTT<\/span><\/td>\n<td style=\"width: 8.04007%; height: 34px;\"><\/td>\n<\/tr>\n<tr style=\"height: 34px;\">\n<td style=\"background-color: #edfee3; text-align: right; width: 21.3484%; height: 34px;\"><del><strong>10.09. &#8211; 17.09.<\/strong><\/del><\/td>\n<td style=\"background-color: #edfee3; width: 53.8991%; height: 34px;\"><del><strong>Wanderreise, Kooperation mit dem IBM Klub<\/strong><\/del><\/td>\n<td style=\"background-color: #edfee3; width: 28.3305%; height: 34px;\"><del><span style=\"color: #008000;\">Nationalpark Peak District<\/span><\/del><\/td>\n<td style=\"width: 8.04007%; height: 34px;\"><\/td>\n<\/tr>\n<tr style=\"height: 34px;\">\n<td style=\"background-color: #edfee3; text-align: right; width: 21.3484%; height: 34px;\"><strong style=\"font-family: inherit; font-size: 13px;\">10.07.\u00a0 &#8211; 10.08.<\/strong><\/td>\n<td style=\"background-color: #edfee3; width: 53.8991%; height: 34px;\"><strong>Mitgliederversammlung im Umlaufverfahren<\/strong><\/td>\n<td style=\"background-color: #edfee3; width: 28.3305%; height: 34px;\"><span style=\"color: #008000;\">\u00a0<\/span><\/td>\n<td style=\"width: 8.04007%; height: 34px;\"><\/td>\n<\/tr>\n<tr style=\"height: 34px;\">\n<td style=\"background-color: #edfee3; text-align: right; width: 21.3484%; height: 34px;\"><del><strong>26.03.;\u00a0<em> 19.00<\/em><\/strong><\/del><\/td>\n<td style=\"background-color: #edfee3; width: 53.8991%; height: 34px;\"><del><strong>Mitgliederversammlung<\/strong><\/del><\/td>\n<td style=\"background-color: #edfee3; width: 28.3305%; height: 34px;\"><span style=\"color: #008000;\">Musiksc<\/span><del><span style=\"color: #008000;\">hule &#8211; SMTT<\/span><\/del><\/td>\n<td style=\"width: 8.04007%; height: 34px;\"><\/td>\n<\/tr>\n<tr style=\"height: 56px;\">\n<td style=\"background-color: #edfee3; text-align: right; width: 21.3484%; height: 56px;\"><strong>19.02.;\u00a0<em> 19.00<\/em><\/strong><\/td>\n<td style=\"background-color: #edfee3; width: 53.8991%; height: 56px;\"><strong>Vorstellung der beiden England-Reisen im September<br \/>\n<\/strong><\/td>\n<td style=\"background-color: #edfee3; width: 28.3305%; height: 56px;\"><span style=\"color: #008000;\">R\u00e4ume der Stadtwerke Sifi\u00a0 Rosenstra\u00dfe 47<\/span><\/td>\n<td style=\"width: 8.04007%; height: 56px;\"><\/td>\n<\/tr>\n<tr style=\"height: 100px;\">\n<td style=\"background-color: #edfee3; text-align: right; width: 21.3484%; height: 100px;\"><strong>16.02.; <em>18.00<\/em><br \/>\n<\/strong><strong>17.02.; <em>19.00<\/em><\/strong><\/td>\n<td style=\"background-color: #edfee3; width: 53.8991%; height: 100px;\"><strong>\u00d6ffentliche Auff\u00fchrungen des Projekts &#8222;Jugend in Aktion Erasmus+&#8220;<br \/>\n<\/strong>Titel: Last Exit &#8211; Mein Job, dein Job &#8211; In was f\u00fcr einer Gesellschaft m\u00f6chtest du leben?<\/td>\n<td style=\"background-color: #edfee3; width: 28.3305%; height: 100px;\"><span style=\"color: #008000;\">Jugendhaus Das S\u00fcd<\/span><\/td>\n<td style=\"width: 8.04007%; height: 100px;\"><\/td>\n<\/tr>\n<tr style=\"height: 226px;\">\n<td style=\"background-color: #edfee3; text-align: right; width: 21.3484%; height: 226px;\"><strong>09.02. &#8211; 18.02.<\/strong><\/td>\n<td style=\"background-color: #edfee3; width: 53.8991%; height: 226px;\"><strong>Projekt Jugend in Aktion Erasmus+ <\/strong><\/p>\n<p>Europ\u00e4ische\u00a0Jugendbegegnung 2020 unter Anleitung der Theaterp\u00e4dagoginnen und Regisseurinnen Anke Marx und Annette von der M\u00fclbe mit Jugendlichen aus Sindelfingen und den\u00a0 Partnerst\u00e4dten<\/p>\n<p>Titel: Last Exit &#8211; Mein Job, dein Job &#8211; In was f\u00fcr einer Gesellschaft m\u00f6chtest du leben?<\/td>\n<td style=\"background-color: #edfee3; width: 28.3305%; height: 226px;\"><span style=\"color: #008000;\">Sindelfingen<\/span><\/td>\n<td style=\"width: 8.04007%; height: 226px;\"><\/td>\n<\/tr>\n<tr style=\"height: 34px;\">\n<td style=\"background-color: #edfee3; text-align: right; width: 21.3484%; height: 34px;\"><strong>23.01. &#8211; 26.01.<\/strong><\/td>\n<td style=\"background-color: #edfee3; width: 53.8991%; height: 34px;\"><strong>Erasmus+ Jugend in Aktion\u00a0 &#8211; Vorbereitungstreffen<\/strong><\/td>\n<td style=\"background-color: #edfee3; width: 28.3305%; height: 34px;\"><span style=\"color: #008000;\">Sindelfingen Rathaus<\/span><\/td>\n<td style=\"width: 8.04007%; height: 34px;\"><\/td>\n<\/tr>\n<tr style=\"height: 34px;\">\n<td style=\"background-color: #edfee3; text-align: right; width: 21.3484%; height: 34px;\"><strong>09.01., <em>19.30<\/em><br \/>\n<\/strong><\/td>\n<td style=\"background-color: #edfee3; width: 53.8991%; height: 34px;\"><strong>Erweiterte Vorstandssitzung<br \/>\n<\/strong><\/td>\n<td style=\"background-color: #edfee3; width: 28.3305%; height: 34px;\"><span style=\"color: #008000;\">Lehrerzimmer SMTT<\/span><\/td>\n<td style=\"width: 8.04007%; height: 34px;\"><\/td>\n<\/tr>\n<tr style=\"height: 34px;\">\n<td style=\"background-color: #edfee3; text-align: right; width: 21.3484%; height: 34px;\"><strong>\u00a0<\/strong><\/td>\n<td style=\"background-color: #edfee3; width: 53.8991%; height: 34px;\"><strong>\u00a0<\/strong><\/td>\n<td style=\"background-color: #edfee3; width: 28.3305%; height: 34px;\"><span style=\"color: #008000;\">\u00a0<\/span><\/td>\n<td style=\"width: 8.04007%; height: 34px;\"><\/td>\n<\/tr>\n<tr style=\"background-color: #008000; height: 36px;\">\n<td style=\"background-color: #ccffae; text-align: center; height: 37px; width: 75.2475%;\" colspan=\"2\"><strong>2019<\/strong><\/td>\n<td style=\"background-color: #ccffae; text-align: left; height: 37px; width: 28.3305%;\"><\/td>\n<td style=\"width: 8.04007%; height: 37px;\"><\/td>\n<\/tr>\n<tr style=\"height: 34px;\">\n<td style=\"background-color: #edfee3; text-align: right; width: 21.3484%; height: 34px;\"><strong>28.11., <em>19.30<\/em><\/strong><\/td>\n<td style=\"background-color: #edfee3; width: 53.8991%; height: 34px;\"><strong>Erweiterte Vorstandssitzung<\/strong><\/td>\n<td style=\"background-color: #edfee3; width: 28.3305%; height: 34px;\"><span style=\"color: #008000;\">Lehrerzimmer SMTT<\/span><\/td>\n<td style=\"width: 8.04007%; height: 34px;\"><\/td>\n<\/tr>\n<tr style=\"height: 36px;\">\n<td style=\"background-color: #edfee3; text-align: right; width: 21.3484%; height: 36px;\"><strong>20.11., <em>18.00<\/em><br \/>\n<\/strong><\/td>\n<td style=\"background-color: #edfee3; width: 53.8991%; height: 36px;\"><strong>Neub\u00fcrgerempfang der Stadt<br \/>\n<\/strong><\/td>\n<td style=\"background-color: #edfee3; width: 28.3305%; height: 36px;\"><span style=\"color: #008000;\">Stadthalle<\/span><\/td>\n<td style=\"width: 8.04007%; height: 36px;\"><\/td>\n<\/tr>\n<tr style=\"height: 34px;\">\n<td style=\"background-color: #edfee3; text-align: right; width: 21.3484%; height: 34px;\"><strong>28.10., <em>19.00<\/em><br \/>\n<\/strong><\/td>\n<td style=\"background-color: #edfee3; width: 53.8991%; height: 34px;\"><strong>Erweiterte Vorstandssitzung<br \/>\n<\/strong><\/td>\n<td style=\"background-color: #edfee3; width: 28.3305%; height: 34px;\"><span style=\"color: #008000;\">Lehrerzimmer SMTT<\/span><\/td>\n<td style=\"width: 8.04007%; height: 34px;\"><\/td>\n<\/tr>\n<tr style=\"height: 34px;\">\n<td style=\"background-color: #edfee3; text-align: right; width: 21.3484%; height: 34px;\"><strong>15.11.-17.11.<\/strong><\/td>\n<td style=\"background-color: #edfee3; width: 53.8991%; height: 34px;\"><strong>Buchsalon in Gy\u00f6r<\/strong><\/td>\n<td style=\"background-color: #edfee3; width: 28.3305%; height: 34px;\"><span style=\"color: #008000;\">\u00a0<\/span><\/td>\n<td style=\"width: 8.04007%; height: 34px;\"><\/td>\n<\/tr>\n<tr style=\"height: 34px;\">\n<td style=\"background-color: #edfee3; text-align: right; width: 21.3484%; height: 34px;\"><strong>30.10, <em>19.30<\/em><br \/>\n<\/strong><\/td>\n<td style=\"background-color: #edfee3; width: 53.8991%; height: 34px;\"><strong>Erweiterte Vorstandssitzung<\/strong><\/td>\n<td style=\"background-color: #edfee3; width: 28.3305%; height: 34px;\"><span style=\"color: #008000;\">Lehrerzimmer SMTT<\/span><\/td>\n<td style=\"width: 8.04007%; height: 34px;\"><\/td>\n<\/tr>\n<tr style=\"height: 36px;\">\n<td style=\"background-color: #edfee3; text-align: right; width: 21.3484%; height: 36px;\"><strong>03.07., <em>19:30<\/em><br \/>\n<\/strong><\/td>\n<td style=\"background-color: #edfee3; width: 53.8991%; height: 36px;\"><strong>Erweiterte Vorstandssitzung<br \/>\n<\/strong><\/td>\n<td style=\"background-color: #edfee3; width: 28.3305%; height: 36px;\"><span style=\"color: #008000;\">Lehrerzimmer SMTT<br \/>\n<\/span><\/td>\n<td style=\"width: 8.04007%; height: 36px;\"><\/td>\n<\/tr>\n<tr style=\"height: 36px;\">\n<td style=\"background-color: #edfee3; text-align: right; width: 21.3484%; height: 36px;\"><strong>14.06. &#8211; 16.06.<br \/>\n<\/strong><\/td>\n<td style=\"background-color: #edfee3; width: 53.8991%; height: 36px;\"><strong>Internationales Stra\u00dfenfest Sindelfingen<br \/>\n<\/strong><\/td>\n<td style=\"background-color: #edfee3; width: 28.3305%; height: 36px;\"><span style=\"color: #008000;\">\u00a0Sindelfingen Innenstadt<br \/>\n<\/span><\/td>\n<td style=\"width: 8.04007%; height: 36px;\"><\/td>\n<\/tr>\n<tr style=\"height: 36px;\">\n<td style=\"background-color: #edfee3; text-align: right; width: 21.3484%; height: 36px;\"><strong>13.06., <em>18:00<\/em><br \/>\n<\/strong><\/td>\n<td style=\"background-color: #edfee3; width: 53.8991%; height: 36px;\"><strong>Partnerschaftsabend Stra\u00dfenfest<br \/>\n<\/strong><\/td>\n<td style=\"background-color: #edfee3; width: 28.3305%; height: 36px;\"><span style=\"color: #008000;\">\u00a0B\u00fcrgerhaus Maichingen<br \/>\n<\/span><\/td>\n<td style=\"width: 8.04007%; height: 36px;\"><\/td>\n<\/tr>\n<tr style=\"height: 36px;\">\n<td style=\"background-color: #edfee3; text-align: right; width: 21.3484%; height: 36px;\"><strong>16.05. &#8211; 20.05.<br \/>\n<\/strong><\/td>\n<td style=\"background-color: #edfee3; width: 53.8991%; height: 36px;\"><strong>B\u00fcrgerfahrt nach Schaffhausen<br \/>\n<\/strong><\/td>\n<td style=\"background-color: #edfee3; width: 28.3305%; height: 36px;\"><span style=\"color: #008000;\">Start Glaspalast<br \/>\n<\/span><\/td>\n<td style=\"width: 8.04007%; height: 36px;\"><\/td>\n<\/tr>\n<tr style=\"height: 36px;\">\n<td style=\"background-color: #edfee3; text-align: right; width: 21.3484%; height: 36px;\"><strong>04.04.<\/strong>, <strong><em>19:00<\/em><br \/>\n<\/strong><\/td>\n<td style=\"background-color: #edfee3; width: 53.8991%; height: 36px;\"><strong>Hans Bollinger liest aus seinem Buch \u00fcber Polen<br \/>\n<\/strong><\/td>\n<td style=\"background-color: #edfee3; width: 28.3305%; height: 36px;\"><span style=\"color: #008000;\">Oberlichtsaal<br \/>\n<\/span><\/td>\n<td style=\"width: 8.04007%; height: 36px;\"><\/td>\n<\/tr>\n<tr style=\"height: 36px;\">\n<td style=\"background-color: #edfee3; text-align: right; width: 21.3484%; height: 36px;\"><strong>29.03., <em>19:00<\/em><br \/>\n<\/strong><\/td>\n<td style=\"background-color: #edfee3; width: 53.8991%; height: 36px;\"><strong>Jahreshauptversammlung<br \/>\n<\/strong><\/td>\n<td style=\"background-color: #edfee3; width: 28.3305%; height: 36px;\"><span style=\"color: #008000;\">Musikschule &#8211; SMTT<br \/>\n<\/span><\/td>\n<td style=\"width: 8.04007%; height: 36px;\"><\/td>\n<\/tr>\n<tr style=\"height: 36px;\">\n<td style=\"background-color: #edfee3; text-align: right; width: 21.3484%; height: 36px;\"><strong>21.02., <em>19:30<\/em><br \/>\n<\/strong><\/td>\n<td style=\"background-color: #edfee3; width: 53.8991%; height: 36px;\"><strong>Erweiterte Vorstandssitzung<br \/>\n<\/strong><\/td>\n<td style=\"background-color: #edfee3; width: 28.3305%; height: 36px;\"><span style=\"color: #008000;\">Lehrerzimmer SMTT<br \/>\n<\/span><\/td>\n<td style=\"width: 8.04007%; height: 36px;\"><\/td>\n<\/tr>\n<tr style=\"background-color: #008000; height: 36px;\">\n<td style=\"background-color: #edfee3; text-align: right; height: 36px; width: 21.3484%;\"><strong>17.01., 19<em>:30<\/em><\/strong><\/td>\n<td style=\"background-color: #edfee3; height: 36px; width: 53.8991%;\"><strong>Erweiterte Vorstandssitzung<\/strong><\/td>\n<td style=\"background-color: #edfee3; height: 36px; width: 28.3305%;\"><span style=\"color: #008000;\">Lehrerzimmer SMTT<\/span><\/td>\n<td style=\"width: 8.04007%; height: 36px;\"><\/td>\n<\/tr>\n<tr style=\"background-color: #008000; height: 36px;\">\n<td style=\"background-color: #ccffae; text-align: center; height: 37px; width: 75.2475%;\" colspan=\"2\"><strong>2018<\/strong><\/td>\n<td style=\"background-color: #ccffae; text-align: left; height: 37px; width: 28.3305%;\"><\/td>\n<td style=\"width: 8.04007%; height: 37px;\"><\/td>\n<\/tr>\n<\/thead>\n<tbody>\n<tr style=\"background-color: #008000; height: 36px;\">\n<td style=\"background-color: #edfee3; text-align: right; height: 36px; width: 21.3484%;\"><strong>17.11.,<em> 18:15<\/em><\/strong><\/td>\n<td style=\"background-color: #edfee3; height: 36px; width: 53.8991%;\"><strong>Deutsch-Ital. Freundschaftskonzert<\/strong><\/td>\n<td style=\"background-color: #edfee3; height: 36px; width: 28.3305%;\"><a href=\"http:\/\/www.smtt.de\/\" target=\"_blank\" rel=\"noopener noreferrer\">Musikschule \u2013 SMTT<\/a><\/td>\n<td style=\"width: 8.04007%; height: 36px;\"><\/td>\n<\/tr>\n<tr style=\"background-color: #008000; height: 36px;\">\n<td style=\"background-color: #edfee3; text-align: right; height: 36px; width: 21.3484%;\"><strong>15.11.,<em> 17.30<\/em><\/strong><\/td>\n<td style=\"background-color: #edfee3; height: 36px; width: 53.8991%;\"><strong>Neub\u00fcrgertreffen der Stadt, ISPAS nimmt teil<\/strong><\/td>\n<td style=\"background-color: #edfee3; height: 36px; width: 28.3305%;\">Stadthalle<\/td>\n<td style=\"width: 8.04007%; height: 36px;\"><\/td>\n<\/tr>\n<tr style=\"background-color: #008000; height: 36px;\">\n<td style=\"background-color: #edfee3; text-align: right; height: 36px; width: 21.3484%;\"><strong>09.11.<em>,17:00<\/em><\/strong><\/td>\n<td style=\"background-color: #edfee3; height: 36px; width: 53.8991%;\"><strong>Ausstellung: &#8222;#Material 4.0 F\u00fchrung&#8220;, mit F\u00fchrung<\/strong><\/td>\n<td style=\"background-color: #edfee3; height: 36px; width: 28.3305%;\">Galerie<\/td>\n<td style=\"width: 8.04007%; height: 36px;\"><\/td>\n<\/tr>\n<tr style=\"background-color: #008000; height: 36px;\">\n<td style=\"background-color: #edfee3; text-align: right; height: 36px; width: 21.3484%;\"><strong>08.11.<em>, 19.30<\/em><\/strong><\/td>\n<td style=\"background-color: #edfee3; height: 36px; width: 53.8991%;\"><strong>Erweiterte Vorstandssitzung<\/strong><\/td>\n<td style=\"background-color: #edfee3; height: 36px; width: 28.3305%;\"><a href=\"http:\/\/www.smtt.de\/\" target=\"_blank\" rel=\"noopener noreferrer\">Musikschule \u2013 SMTT<\/a><\/td>\n<td style=\"width: 8.04007%; height: 36px;\"><\/td>\n<\/tr>\n<tr style=\"background-color: #008000; height: 36px;\">\n<td style=\"background-color: #edfee3; text-align: right; height: 36px; width: 21.3484%;\"><strong>20.10.<em>, 19:00<\/em><\/strong><\/td>\n<td style=\"background-color: #edfee3; height: 36px; width: 53.8991%;\"><strong>Nachlese Corbeil-Essonnes-Fahrt im Vereinsheim<\/strong><\/td>\n<td style=\"background-color: #edfee3; height: 36px; width: 28.3305%;\">Ochsenallmende<\/td>\n<td style=\"width: 8.04007%; height: 36px;\"><\/td>\n<\/tr>\n<tr style=\"background-color: #008000; height: 36px;\">\n<td style=\"background-color: #edfee3; text-align: right; height: 36px; width: 21.3484%;\"><strong>20.-24.09.<\/strong><\/td>\n<td style=\"background-color: #edfee3; height: 36px; width: 53.8991%;\"><strong>Gegenbesuch aus Dronfield<\/strong><\/td>\n<td style=\"background-color: #edfee3; height: 36px; width: 28.3305%;\">s. Programm<\/td>\n<td style=\"width: 8.04007%; height: 36px;\"><\/td>\n<\/tr>\n<tr style=\"background-color: #008000; height: 36px;\">\n<td style=\"background-color: #edfee3; text-align: right; height: 36px; width: 21.3484%;\"><strong>23.09., 19:00<\/strong><\/td>\n<td style=\"background-color: #edfee3; height: 36px; width: 53.8991%;\"><strong>Gegenbesuch aus Dronfield, ISPAS-Abend<\/strong><\/td>\n<td style=\"background-color: #edfee3; height: 36px; width: 28.3305%;\"><a href=\"http:\/\/www.smtt.de\/\" target=\"_blank\" rel=\"noopener noreferrer\">Musikschule \u2013 SMTT<\/a><\/td>\n<td style=\"width: 8.04007%; height: 36px;\"><\/td>\n<\/tr>\n<tr style=\"background-color: #008000; height: 36px;\">\n<td style=\"background-color: #edfee3; text-align: right; height: 36px; width: 21.3484%;\"><strong>19.09., <em>19:30<\/em><\/strong><\/td>\n<td style=\"background-color: #edfee3; height: 36px; width: 53.8991%;\"><strong>Erweiterte Vorstandssitzung<\/strong><\/td>\n<td style=\"background-color: #edfee3; height: 36px; width: 28.3305%;\"><a href=\"http:\/\/www.smtt.de\/\" target=\"_blank\" rel=\"noopener noreferrer\">Musikschule \u2013 SMTT<\/a><\/td>\n<td style=\"width: 8.04007%; height: 36px;\"><\/td>\n<\/tr>\n<tr style=\"background-color: #008000; height: 36px;\">\n<td style=\"background-color: #edfee3; text-align: right; height: 36px; width: 21.3484%;\"><strong>19.07., <em>19:30<\/em><\/strong><\/td>\n<td style=\"background-color: #edfee3; height: 36px; width: 53.8991%;\"><strong>Dankesch\u00f6nfest im Eichholzer T\u00e4le<\/strong><\/td>\n<td style=\"background-color: #edfee3; height: 36px; width: 28.3305%;\"><span style=\"color: #339966;\">Eichholzer T\u00e4le<\/span><\/td>\n<td style=\"width: 8.04007%; height: 36px;\"><\/td>\n<\/tr>\n<tr style=\"background-color: #008000; height: 36px;\">\n<td style=\"background-color: #edfee3; text-align: right; height: 36px; width: 21.3484%;\"><strong>12.07., <em>19:30<\/em><\/strong><\/td>\n<td style=\"background-color: #edfee3; height: 36px; width: 53.8991%;\"><strong>Erweiterte Vorstandssitzung<\/strong><\/td>\n<td style=\"background-color: #edfee3; height: 36px; width: 28.3305%;\"><a href=\"http:\/\/www.smtt.de\/\" target=\"_blank\" rel=\"noopener noreferrer\">Musikschule \u2013 SMTT<\/a><\/td>\n<td style=\"width: 8.04007%; height: 36px;\"><\/td>\n<\/tr>\n<tr style=\"background-color: #008000; height: 36px;\">\n<td style=\"background-color: #edfee3; text-align: right; height: 36px; width: 21.3484%;\"><strong>28.06.-02.07.<\/strong><\/td>\n<td style=\"background-color: #edfee3; height: 36px; width: 53.8991%;\"><strong>B\u00fcrgerfahrt nach <\/strong><a href=\"http:\/\/www.corbeil-essonnes.com\/\"><span style=\"color: #000000;\"><strong>Corbeil-Essonnes<\/strong><\/span><\/a><\/td>\n<td style=\"background-color: #edfee3; height: 36px; width: 28.3305%;\"><a href=\"http:\/\/www.corbeil-essonnes.com\/\">Corbeil-Essonnes<\/a><\/td>\n<td style=\"width: 8.04007%; height: 36px;\"><\/td>\n<\/tr>\n<tr style=\"background-color: #008000; height: 36px;\">\n<td style=\"background-color: #edfee3; text-align: right; height: 36px; width: 21.3484%;\"><strong>02.03., <em>19:00<\/em><\/strong><\/td>\n<td style=\"background-color: #edfee3; height: 36px; width: 53.8991%;\"><strong>22. Jahreshauptversammlung<\/strong><\/td>\n<td style=\"background-color: #edfee3; height: 36px; width: 28.3305%;\"><a href=\"http:\/\/www.smtt.de\/\" target=\"_blank\" rel=\"noopener noreferrer\">Musikschule \u2013 SMTT<\/a><\/td>\n<td style=\"width: 8.04007%; height: 36px;\"><\/td>\n<\/tr>\n<tr style=\"background-color: #008000; height: 36px;\">\n<td style=\"background-color: #edfee3; text-align: right; height: 36px; width: 21.3484%;\"><strong><del>15.02., <em>19:30<\/em><\/del><\/strong><\/td>\n<td style=\"background-color: #edfee3; height: 36px; width: 53.8991%;\"><strong><del>Erweiterte Vorstandssitzung<\/del> (entf\u00e4llt)<\/strong><\/td>\n<td style=\"background-color: #edfee3; height: 36px; width: 28.3305%;\"><a href=\"http:\/\/www.smtt.de\/\" target=\"_blank\" rel=\"noopener noreferrer\">Musikschule \u2013 SMTT<\/a><\/td>\n<td style=\"width: 8.04007%; height: 36px;\"><\/td>\n<\/tr>\n<tr style=\"background-color: #008000; height: 36px;\">\n<td style=\"background-color: #edfee3; text-align: right; height: 36px; width: 21.3484%;\"><strong>08.01., <em>19:30<\/em><\/strong><\/td>\n<td style=\"background-color: #edfee3; height: 36px; width: 53.8991%;\"><strong>Erweiterte Vorstandssitzung<\/strong><\/td>\n<td style=\"background-color: #edfee3; height: 36px; width: 28.3305%;\"><a href=\"http:\/\/www.smtt.de\/\" target=\"_blank\" rel=\"noopener noreferrer\">Musikschule \u2013 SMTT<\/a><\/td>\n<td style=\"width: 8.04007%; height: 36px;\"><\/td>\n<\/tr>\n<tr style=\"background-color: #008000; height: 36px;\">\n<td style=\"background-color: #ccffae; text-align: center; height: 36px; width: 75.2475%;\" colspan=\"2\"><span style=\"font-family: arial,helvetica,sans-serif;\"><strong><span style=\"font-size: small;\">2017<\/span><\/strong><\/span><\/td>\n<td style=\"background-color: #ccffae; text-align: left; height: 36px; width: 28.3305%;\"><\/td>\n<td style=\"width: 8.04007%; height: 36px;\"><\/td>\n<\/tr>\n<tr style=\"background-color: #008000; height: 36px;\">\n<td style=\"background-color: #edfee3; text-align: right; height: 36px; width: 21.3484%;\"><strong>08.12. &#8211; 10.12.<\/strong><\/td>\n<td style=\"background-color: #edfee3; height: 36px; width: 53.8991%;\"><strong>Sindelfinger Weihnachtsmarkt<\/strong> &#8211; Mit einem Torgauer Stand<\/td>\n<td style=\"background-color: #edfee3; height: 36px; width: 28.3305%;\">Sindelfingen<\/td>\n<td style=\"width: 8.04007%; height: 36px;\"><\/td>\n<\/tr>\n<tr style=\"background-color: #008000; height: 36px;\">\n<td style=\"background-color: #edfee3; text-align: right; height: 36px; width: 21.3484%;\"><del>04.12., <em>19:30<\/em><\/del><\/td>\n<td style=\"background-color: #edfee3; height: 36px; width: 53.8991%;\"><del>Erweiterte Vorstandssitzung<\/del> (entf\u00e4llt)<\/td>\n<td style=\"background-color: #edfee3; height: 36px; width: 28.3305%;\"><a href=\"http:\/\/www.smtt.de\/\" target=\"_blank\" rel=\"noopener noreferrer\">Musikschule \u2013 SMTT<\/a><\/td>\n<td style=\"width: 8.04007%; height: 36px;\"><\/td>\n<\/tr>\n<tr style=\"background-color: #008000; height: 36px;\">\n<td style=\"background-color: #edfee3; text-align: right; height: 36px; width: 21.3484%;\"><strong>19.11., <em>19:00<\/em><\/strong><\/td>\n<td style=\"background-color: #edfee3; height: 36px; width: 53.8991%;\"><strong>Erasmus+ Jugend in Aktion 2017<\/strong><br \/>\n\u201eZur\u00fcck in die Zukunft \u2013 Back to the future\u201c \u2013 Wie sieht dein Land in 20 Jahren aus?<br \/>\nEU-Projekt Erasmus+<br \/>\n\u00d6ffentliche Auff\u00fchrung<strong><br \/>\n<\/strong><\/td>\n<td style=\"background-color: #edfee3; height: 36px; width: 28.3305%;\">Jugendhaus DAS S\u00fcd, Schwertstra\u00dfe<\/td>\n<td style=\"width: 8.04007%; height: 36px;\"><\/td>\n<\/tr>\n<tr style=\"background-color: #008000; height: 36px;\">\n<td style=\"background-color: #edfee3; text-align: right; height: 36px; width: 21.3484%;\"><strong>19.11., <em>11:00<\/em><\/strong><\/td>\n<td style=\"background-color: #edfee3; height: 36px; width: 53.8991%;\"><strong>Gedenkstunde zum Volkstrauertag. Alter Friedhof, Vaihinger Stra\u00dfe<br \/>\n<\/strong><\/td>\n<td style=\"background-color: #edfee3; height: 36px; width: 28.3305%;\">Alter Friedhof, Vaihinger Stra\u00dfe, Sindelfingen<\/td>\n<td style=\"width: 8.04007%; height: 36px;\"><\/td>\n<\/tr>\n<tr style=\"background-color: #008000; height: 36px;\">\n<td style=\"background-color: #edfee3; text-align: right; height: 36px; width: 21.3484%;\"><strong>18.11., <em>19:00<\/em><\/strong><\/td>\n<td style=\"background-color: #edfee3; height: 36px; width: 53.8991%;\"><strong>Erasmus+ Jugend in Aktion 2017<\/strong><br \/>\n\u201eZur\u00fcck in die Zukunft \u2013 Back to the future\u201c \u2013 Wie sieht dein Land in 20 Jahren aus?<br \/>\nEU-Projekt Erasmus+<br \/>\n\u00d6ffentliche Auff\u00fchrung<\/td>\n<td style=\"background-color: #edfee3; height: 36px; width: 28.3305%;\">Jugendhaus DAS S\u00fcd, Schwertstra\u00dfe<\/td>\n<td style=\"width: 8.04007%; height: 36px;\"><\/td>\n<\/tr>\n<tr style=\"background-color: #008000; height: 36px;\">\n<td style=\"background-color: #edfee3; text-align: right; height: 36px; width: 21.3484%;\"><strong>10.11. &#8211; 21.11.<\/strong><\/td>\n<td style=\"background-color: #edfee3; height: 36px; width: 53.8991%;\">\u00a0<strong>Erasmus+ Jugend in Aktion 2017<\/strong><br \/>\n\u201eZur\u00fcck in die Zukunft \u2013 Back to the future\u201c &#8211; Wie sieht dein Land in 20 Jahren aus? Europ\u00e4ischen Jugendbegegnung 2017 unter Anleitung der Theaterp\u00e4dagoginnen und Regisseurinnen Anke Marx und Annette von der M\u00fclbe mit Jugendlichen aus Sindelfingen und den\u00a0 Partnerst\u00e4dten<\/td>\n<td style=\"background-color: #edfee3; height: 36px; width: 28.3305%;\"><a href=\"http:\/\/www.ispas-ev.de\/?cat=30\">Sindelfingen<\/a><\/td>\n<td style=\"width: 8.04007%; height: 36px;\"><\/td>\n<\/tr>\n<tr style=\"background-color: #008000; height: 36px;\">\n<td style=\"background-color: #edfee3; text-align: right; height: 36px; width: 21.3484%;\"><del>13.11., <em>19:30<\/em><\/del><\/td>\n<td style=\"background-color: #edfee3; height: 36px; width: 53.8991%;\"><del>Erweiterte Vorstandssitzung<\/del> (entf\u00e4llt)<\/td>\n<td style=\"background-color: #edfee3; height: 36px; width: 28.3305%;\"><a href=\"http:\/\/www.smtt.de\/\" target=\"_blank\" rel=\"noopener noreferrer\">Musikschule \u2013 SMTT<\/a><\/td>\n<td style=\"width: 8.04007%; height: 36px;\"><\/td>\n<\/tr>\n<tr style=\"background-color: #008000; height: 36px;\">\n<td style=\"background-color: #edfee3; text-align: right; height: 36px; width: 21.3484%;\">23.10., <em>19:30<\/em><\/td>\n<td style=\"background-color: #edfee3; height: 36px; width: 53.8991%;\">Erweiterte Vorstandssitzung<\/td>\n<td style=\"background-color: #edfee3; height: 36px; width: 28.3305%;\"><a href=\"http:\/\/www.smtt.de\/\" target=\"_blank\" rel=\"noopener noreferrer\">Musikschule \u2013 SMTT<\/a><\/td>\n<td style=\"width: 8.04007%; height: 36px;\"><\/td>\n<\/tr>\n<tr style=\"background-color: #008000; height: 36px;\">\n<td style=\"background-color: #edfee3; text-align: right; height: 36px; width: 21.3484%;\"><strong>17.-20.10.<\/strong><\/td>\n<td style=\"background-color: #edfee3; height: 36px; width: 53.8991%;\"><strong>Schreib-Performance-Werkstatt unter Anleitung der Theaterp\u00e4dagoginnen und Regisseurinnen Anke Marx und Annette von der M\u00fclbe. Innerhalb der Literaturtage Baden-W\u00fcrttemberg<\/strong><\/td>\n<td style=\"background-color: #edfee3; height: 36px; width: 28.3305%;\"><\/td>\n<td style=\"width: 8.04007%; height: 36px;\"><\/td>\n<\/tr>\n<tr style=\"background-color: #008000; height: 36px;\">\n<td style=\"background-color: #edfee3; text-align: right; height: 36px; width: 21.3484%;\"><strong>28.09.-03.10<\/strong>.<\/td>\n<td style=\"background-color: #edfee3; height: 36px; width: 53.8991%;\"><strong>B\u00fcrgerfahrt nach <a href=\"http:\/\/www.comune.sondrio.it\/\" target=\"_blank\" rel=\"noopener noreferrer\">Sondrio<\/a><\/strong><\/td>\n<td style=\"background-color: #edfee3; height: 36px; width: 28.3305%;\"><a href=\"http:\/\/www.ispas-ev.de\/?cat=24\" target=\"_blank\" rel=\"noopener noreferrer\">Sondrio<\/a><\/td>\n<td style=\"width: 8.04007%; height: 36px;\"><\/td>\n<\/tr>\n<tr style=\"background-color: #008000; height: 36px;\">\n<td style=\"background-color: #edfee3; text-align: right; height: 36px; width: 21.3484%;\"><strong>21.-24.09.<\/strong><\/td>\n<td style=\"background-color: #edfee3; height: 36px; width: 53.8991%;\"><strong>Vorbereitungstreffen Erasmus+ Jugend in Aktion 2017<\/strong><\/td>\n<td style=\"background-color: #edfee3; height: 36px; width: 28.3305%;\"><a href=\"http:\/\/www.ispas-ev.de\/?cat=30\">Sindelfingen<\/a><\/td>\n<td style=\"width: 8.04007%; height: 36px;\"><\/td>\n<\/tr>\n<tr style=\"background-color: #008000; height: 36px;\">\n<td style=\"background-color: #edfee3; text-align: right; height: 36px; width: 21.3484%;\">18.09., <em>19:30<\/em><\/td>\n<td style=\"background-color: #edfee3; height: 36px; width: 53.8991%;\">Erweiterte Vorstandssitzung<\/td>\n<td style=\"background-color: #edfee3; height: 36px; width: 28.3305%;\"><a href=\"http:\/\/www.smtt.de\/\" target=\"_blank\" rel=\"noopener noreferrer\">Musikschule \u2013 SMTT<\/a><\/td>\n<td style=\"width: 8.04007%; height: 36px;\"><\/td>\n<\/tr>\n<tr style=\"background-color: #008000; height: 36px;\">\n<td style=\"background-color: #edfee3; text-align: right; height: 36px; width: 21.3484%;\">03.07., <em>19:30<\/em><\/td>\n<td style=\"background-color: #edfee3; height: 36px; width: 53.8991%;\">Erweiterte Vorstandssitzung<\/td>\n<td style=\"background-color: #edfee3; height: 36px; width: 28.3305%;\"><a href=\"http:\/\/www.smtt.de\/\" target=\"_blank\" rel=\"noopener noreferrer\">Musikschule \u2013 SMTT<\/a><\/td>\n<td style=\"width: 8.04007%; height: 36px;\"><\/td>\n<\/tr>\n<tr style=\"background-color: #008000; height: 36px;\">\n<td style=\"background-color: #edfee3; text-align: right; height: 36px; width: 21.3484%;\"><strong>29.06.-02.07.<\/strong><\/td>\n<td style=\"background-color: #edfee3; height: 36px; width: 53.8991%;\"><strong>B\u00fcrgerfahrt nach <a href=\"http:\/\/www.torgau.eu\/\" target=\"_blank\" rel=\"noopener noreferrer\">Torgau<\/a><\/strong><\/td>\n<td style=\"background-color: #edfee3; height: 36px; width: 28.3305%;\"><a href=\"http:\/\/www.ispas-ev.de\/?cat=21\" target=\"_blank\" rel=\"noopener noreferrer\">Torgau<\/a><\/td>\n<td style=\"width: 8.04007%; height: 36px;\"><\/td>\n<\/tr>\n<tr style=\"background-color: #008000; height: 36px;\">\n<td style=\"background-color: #edfee3; text-align: right; height: 36px; width: 21.3484%;\"><strong>16.-18.06.<\/strong><\/td>\n<td style=\"background-color: #edfee3; height: 36px; width: 53.8991%;\"><a href=\"http:\/\/www.isf-sifi.de\" target=\"_blank\" rel=\"noopener noreferrer\"><strong>41. Internationales Stra\u00dfenfest Sindelfingen<\/strong><\/a><\/td>\n<td style=\"background-color: #edfee3; height: 36px; width: 28.3305%;\"><a href=\"http:\/\/www.ispas-ev.de\/?cat=30\" target=\"_blank\" rel=\"noopener noreferrer\">Sindelfingen<\/a><\/td>\n<td style=\"width: 8.04007%; height: 36px;\"><\/td>\n<\/tr>\n<tr style=\"background-color: #008000; height: 36px;\">\n<td style=\"background-color: #edfee3; text-align: right; height: 36px; width: 21.3484%;\"><strong>15.06.<\/strong><\/td>\n<td style=\"background-color: #edfee3; height: 36px; width: 53.8991%;\"><strong>Partnerschaftsabend im <a href=\"http:\/\/www.maichingen.de\/,Lde\/start\/Buergerhaus+Maichingen.html\" target=\"_blank\" rel=\"noopener noreferrer\">B\u00fcrgerhaus<\/a> <a href=\"http:\/\/www.maichingen.de\/,Lde\/start.html\" target=\"_blank\" rel=\"noopener noreferrer\">Maichingen<\/a><\/strong><\/td>\n<td style=\"background-color: #edfee3; height: 36px; width: 28.3305%;\">Sindelfingen &#8211; Maichingen<\/td>\n<td style=\"width: 8.04007%; height: 36px;\"><\/td>\n<\/tr>\n<tr style=\"background-color: #008000; height: 36.1px;\">\n<td style=\"background-color: #edfee3; text-align: right; height: 36px; width: 21.3484%;\">22.05., <em>19:30<\/em><\/td>\n<td style=\"background-color: #edfee3; height: 36px; width: 53.8991%;\">Erweiterte Vorstandssitzung<\/td>\n<td style=\"background-color: #edfee3; height: 36px; width: 28.3305%;\"><a href=\"http:\/\/www.smtt.de\/\" target=\"_blank\" rel=\"noopener noreferrer\">Musikschule \u2013 SMTT<\/a><\/td>\n<td style=\"width: 8.04007%; height: 36px;\"><\/td>\n<\/tr>\n<tr style=\"background-color: #008000; height: 36px;\">\n<td style=\"background-color: #edfee3; text-align: right; height: 36px; width: 21.3484%;\"><strong>27.04., <em>19:00<\/em><\/strong><\/td>\n<td style=\"background-color: #edfee3; height: 36px; width: 53.8991%;\"><strong>Helferfest im Eichholzer T\u00e4le<\/strong> <a href=\"https:\/\/www.google.de\/maps\/place\/Eichholzer+T%C3%A4le+Sindelfingen\/@48.725491,8.997256,15z\/data=!4m12!1m6!3m5!1s0x0:0x813c0a99ffd21f1!2sEichholzer+T%C3%A4le+Sindelfingen!8m2!3d48.725491!4d8.997256!3m4!1s0x0:0x813c0a99ffd21f1!8m2!3d48.725491!4d8.997256\" target=\"_blank\" rel=\"noopener noreferrer\">(Google Maps)<\/a><\/td>\n<td style=\"background-color: #edfee3; height: 36px; width: 28.3305%;\">Eichholzer T\u00e4le<\/td>\n<td style=\"width: 8.04007%; height: 36px;\"><\/td>\n<\/tr>\n<tr style=\"background-color: #008000; height: 36px;\">\n<td style=\"background-color: #edfee3; text-align: right; height: 36px; width: 21.3484%;\">24.04., <em>19:00<\/em><\/td>\n<td style=\"background-color: #edfee3; height: 36px; width: 53.8991%;\">Erweiterte Vorstandssitzung<\/td>\n<td style=\"background-color: #edfee3; height: 36px; width: 28.3305%;\"><a href=\"http:\/\/www.smtt.de\/\" target=\"_blank\" rel=\"noopener noreferrer\">Musikschule \u2013 SMTT<\/a><\/td>\n<td style=\"width: 8.04007%; height: 36px;\"><\/td>\n<\/tr>\n<tr style=\"background-color: #008000; height: 36px;\">\n<td style=\"background-color: #edfee3; text-align: right; height: 36px; width: 21.3484%;\">06.02., <em>19:00<\/em><\/td>\n<td style=\"background-color: #edfee3; height: 36px; width: 53.8991%;\">Erweiterte Vorstandssitzung<\/td>\n<td style=\"background-color: #edfee3; height: 36px; width: 28.3305%;\"><a href=\"http:\/\/www.smtt.de\/\" target=\"_blank\" rel=\"noopener noreferrer\">Musikschule \u2013 SMTT<\/a><\/td>\n<td style=\"width: 8.04007%; height: 36px;\"><\/td>\n<\/tr>\n<tr style=\"background-color: #008000; height: 36px;\">\n<td style=\"background-color: #edfee3; text-align: right; height: 36px; width: 21.3484%;\">20.01., <em>19:30<\/em><\/td>\n<td style=\"background-color: #edfee3; height: 36px; width: 53.8991%;\"><strong>21. Jahreshauptversammlung<\/strong><\/td>\n<td style=\"background-color: #edfee3; height: 36px; width: 28.3305%;\"><a href=\"http:\/\/www.smtt.de\/\" target=\"_blank\" rel=\"noopener noreferrer\">Musikschule \u2013 SMTT<\/a><\/td>\n<td style=\"width: 8.04007%; height: 36px;\"><\/td>\n<\/tr>\n<tr style=\"background-color: #008000; height: 36px;\">\n<td style=\"background-color: #edfee3; text-align: right; height: 36px; width: 21.3484%;\">09.01., <em>19:30<\/em><\/td>\n<td style=\"background-color: #edfee3; height: 36px; width: 53.8991%;\">Erweiterte Vorstandssitzung<\/td>\n<td style=\"background-color: #edfee3; height: 36px; width: 28.3305%;\"><a href=\"http:\/\/www.smtt.de\/\" target=\"_blank\" rel=\"noopener noreferrer\">Musikschule \u2013 SMTT<\/a><\/td>\n<td style=\"width: 8.04007%; height: 36px;\"><\/td>\n<\/tr>\n<tr style=\"background-color: #008000; height: 36px;\">\n<td style=\"background-color: #ccffae; text-align: center; height: 36px; width: 75.2475%;\" colspan=\"2\"><span style=\"font-family: arial,helvetica,sans-serif;\"><strong><span style=\"font-size: small;\">2016<\/span><\/strong><\/span><\/td>\n<td style=\"background-color: #ccffae; text-align: left; height: 36px; width: 28.3305%;\"><\/td>\n<td style=\"width: 8.04007%; height: 36px;\"><\/td>\n<\/tr>\n<tr style=\"background-color: #008000; height: 36px;\">\n<td style=\"background-color: #edfee3; text-align: right; height: 36px; width: 21.3484%;\">21.11., <em>19:30<\/em><\/td>\n<td style=\"background-color: #edfee3; height: 36px; width: 53.8991%;\">Erweiterte Vorstandssitzung<\/td>\n<td style=\"background-color: #edfee3; height: 36px; width: 28.3305%;\"><a href=\"http:\/\/www.smtt.de\/\" target=\"_blank\" rel=\"noopener noreferrer\">Musikschule \u2013 SMTT<\/a><\/td>\n<td style=\"width: 8.04007%; height: 36px;\"><\/td>\n<\/tr>\n<tr style=\"background-color: #008000; height: 36px;\">\n<td style=\"background-color: #edfee3; text-align: right; height: 36px; width: 21.3484%;\"><strong>15.09.-19.09.<\/strong><\/td>\n<td style=\"background-color: #edfee3; height: 36px; width: 53.8991%;\"><strong>B\u00fcrgerfahrt nach Dronfield<\/strong><\/td>\n<td style=\"background-color: #edfee3; height: 36px; width: 28.3305%;\">Dronfield in GB<\/td>\n<td style=\"width: 8.04007%; height: 36px;\"><\/td>\n<\/tr>\n<tr style=\"background-color: #008000; height: 36px;\">\n<td style=\"background-color: #edfee3; text-align: right; height: 36px; width: 21.3484%;\"><strong>7.-12.07.<\/strong><\/td>\n<td style=\"background-color: #edfee3; height: 36px; width: 53.8991%;\"><strong>B\u00fcrgerfaht nach Chelm<\/strong><\/td>\n<td style=\"background-color: #edfee3; height: 36px; width: 28.3305%;\">Chelm in Polen<\/td>\n<td style=\"width: 8.04007%; height: 36px;\"><\/td>\n<\/tr>\n<tr style=\"background-color: #008000; height: 36px;\">\n<td style=\"background-color: #edfee3; text-align: right; height: 36px; width: 21.3484%;\"><strong>17.-19.06.<\/strong><\/td>\n<td style=\"background-color: #edfee3; height: 36px; width: 53.8991%;\"><strong>40. Internationales Stra\u00dfenfest Sindelfingen<\/strong><\/td>\n<td style=\"background-color: #edfee3; height: 36px; width: 28.3305%;\">Sindelfingen<\/td>\n<td style=\"width: 8.04007%; height: 36px;\"><\/td>\n<\/tr>\n<tr style=\"background-color: #008000; height: 36px;\">\n<td style=\"background-color: #edfee3; text-align: right; height: 36px; width: 21.3484%;\"><strong>16.06.<\/strong><\/td>\n<td style=\"background-color: #edfee3; height: 36px; width: 53.8991%;\"><strong>Partnerschaftsabend im B\u00fcrgerhaus Maichingen<\/strong><\/td>\n<td style=\"background-color: #edfee3; height: 36px; width: 28.3305%;\">Sindelfingen &#8211; Maichingen<\/td>\n<td style=\"width: 8.04007%; height: 36px;\"><\/td>\n<\/tr>\n<tr style=\"background-color: #008000; height: 36px;\">\n<td style=\"background-color: #edfee3; text-align: right; height: 36px; width: 21.3484%;\"><strong>22.3.<\/strong><\/td>\n<td style=\"background-color: #edfee3; height: 36px; width: 53.8991%;\"><strong>ISPAS-Ausflug nach Stra\u00dfburg<\/strong><\/td>\n<td style=\"background-color: #edfee3; height: 36px; width: 28.3305%;\">Stra\u00dfburg<\/td>\n<td style=\"width: 8.04007%; height: 36px;\"><\/td>\n<\/tr>\n<tr style=\"background-color: #008000; height: 58px;\">\n<td style=\"background-color: #edfee3; text-align: right; height: 58px; width: 21.3484%;\">19.2.<\/td>\n<td style=\"background-color: #edfee3; height: 58px; width: 53.8991%;\"><strong>Jahreshauptversammlung<\/strong><\/td>\n<td style=\"background-color: #edfee3; height: 58px; width: 28.3305%;\">Galerie der Stadt Sindelfingen<\/td>\n<td style=\"width: 8.04007%; height: 58px;\"><\/td>\n<\/tr>\n<tr style=\"background-color: #008000; height: 36px;\">\n<td style=\"background-color: #ccffae; text-align: center; height: 36px; width: 75.2475%;\" colspan=\"2\"><span style=\"font-family: arial,helvetica,sans-serif;\"><strong><span style=\"font-size: small;\">2015<\/span><\/strong><\/span><\/td>\n<td style=\"background-color: #ccffae; text-align: left; height: 36px; width: 28.3305%;\"><\/td>\n<td style=\"width: 8.04007%; height: 36px;\"><\/td>\n<\/tr>\n<tr style=\"background-color: #008000; height: 58px;\">\n<td style=\"background-color: #edfee3; text-align: right; height: 58px; width: 21.3484%;\">14.11. <em>19:00<\/em><\/td>\n<td style=\"background-color: #edfee3; height: 58px; width: 53.8991%;\"><strong>20. Geburtstag<\/strong> unseres Vereins<\/td>\n<td style=\"background-color: #edfee3; height: 58px; width: 28.3305%;\">Musikschule SMTT, Woboldstra\u00dfe 21<\/td>\n<td style=\"width: 8.04007%; height: 58px;\"><\/td>\n<\/tr>\n<tr style=\"background-color: #008000; height: 36px;\">\n<td style=\"background-color: #edfee3; text-align: right; height: 36px; width: 21.3484%;\">13.11. &#8211; 15.11<\/td>\n<td style=\"background-color: #edfee3; height: 36px; width: 53.8991%;\">B\u00fcrgerbegegnung mit Partnerschaftsabend<\/td>\n<td style=\"background-color: #edfee3; height: 36px; width: 28.3305%;\">Sindelfingen<\/td>\n<td style=\"width: 8.04007%; height: 36px;\"><\/td>\n<\/tr>\n<tr style=\"background-color: #008000; height: 58px;\">\n<td style=\"background-color: #edfee3; text-align: right; height: 58px; width: 21.3484%;\">1.11. &#8211; 10.11.<\/td>\n<td style=\"background-color: #edfee3; height: 58px; width: 53.8991%;\">Erasmusprojekt (Jugend in Aktion)<br \/>\n&#8222;<a href=\"http:\/\/www.ispas-ev.de\/?p=3158\">Der gro\u00dfe Blackout &#8211; Was ist, wenn alles anders wird<\/a>&#8222;<\/td>\n<td style=\"background-color: #edfee3; height: 58px; width: 28.3305%;\">Sindelfingen<\/td>\n<td style=\"width: 8.04007%; height: 58px;\"><\/td>\n<\/tr>\n<tr style=\"background-color: #008000; height: 36px;\">\n<td style=\"background-color: #edfee3; text-align: right; height: 36px; width: 21.3484%;\">15.10.-27.11.<\/td>\n<td style=\"background-color: #edfee3; height: 36px; width: 53.8991%;\">Ausstellung zum <a href=\"http:\/\/www.ispas-ev.de\/?p=3084\">Ersten Weltkrieg<\/a><\/td>\n<td style=\"background-color: #edfee3; height: 36px; width: 28.3305%;\">Sindelfingen<\/td>\n<td style=\"width: 8.04007%; height: 36px;\"><\/td>\n<\/tr>\n<tr style=\"background-color: #008000; height: 36px;\">\n<td style=\"background-color: #edfee3; text-align: right; height: 36px; width: 21.3484%;\">27.6.<\/td>\n<td style=\"background-color: #edfee3; height: 36px; width: 53.8991%;\"><a href=\"http:\/\/www.ispas-ev.de\/wp-content\/uploads\/2011\/07\/Schaffusia.pdf\">Schaffusia<\/a><\/td>\n<td style=\"background-color: #edfee3; height: 36px; width: 28.3305%;\">Schaffhausen<\/td>\n<td style=\"width: 8.04007%; height: 36px;\"><\/td>\n<\/tr>\n<tr style=\"background-color: #008000; height: 36px;\">\n<td style=\"background-color: #edfee3; text-align: right; height: 36px; width: 21.3484%;\">19.-21.6.<\/td>\n<td style=\"background-color: #edfee3; height: 36px; width: 53.8991%;\">39. internationales Strassenfest<\/td>\n<td style=\"background-color: #edfee3; height: 36px; width: 28.3305%;\">Sindelfingen<\/td>\n<td style=\"width: 8.04007%; height: 36px;\"><\/td>\n<\/tr>\n<tr style=\"background-color: #008000; height: 58px;\">\n<td style=\"background-color: #edfee3; text-align: right; height: 58px; width: 21.3484%;\">13.2.<\/td>\n<td style=\"background-color: #edfee3; height: 58px; width: 53.8991%;\"><strong>Jahreshauptversammlung<\/strong><\/td>\n<td style=\"background-color: #edfee3; height: 58px; width: 28.3305%;\">Galerie der Stadt Sindelfingen<\/td>\n<td style=\"width: 8.04007%; height: 58px;\"><\/td>\n<\/tr>\n<tr style=\"background-color: #008000; height: 36px;\">\n<td style=\"background-color: #ccffae; text-align: center; height: 36px; width: 75.2475%;\" colspan=\"2\"><span style=\"font-family: arial,helvetica,sans-serif;\"><strong><span style=\"font-size: small;\">2014<\/span><\/strong> <\/span><\/td>\n<td style=\"background-color: #ccffae; text-align: left; height: 36px; width: 28.3305%;\"><\/td>\n<td style=\"width: 8.04007%; height: 36px;\"><\/td>\n<\/tr>\n<tr style=\"background-color: #008000; height: 36px;\">\n<td style=\"background-color: #edfee3; text-align: right; height: 36px; width: 21.3484%;\">19. &#8211; 23.9.<\/td>\n<td style=\"background-color: #edfee3; height: 36px; width: 53.8991%;\">Gegenbesuch<em> B\u00fcrgerfahrt <\/em>aus Dronfield<\/td>\n<td style=\"background-color: #edfee3; height: 36px; width: 28.3305%;\">Sindelfingen<\/td>\n<td style=\"width: 8.04007%; height: 36px;\"><\/td>\n<\/tr>\n<tr style=\"background-color: #008000; height: 36px;\">\n<td style=\"background-color: #edfee3; text-align: right; height: 36px; width: 21.3484%;\">9.-14.9.<\/td>\n<td style=\"background-color: #edfee3; height: 36px; width: 53.8991%;\"><a href=\"http:\/\/ispas.wavecdn.net\/wp-content\/uploads\/2014\/06\/2014-B%C3%BCrgerfahrt-Gy%C3%B6r-Programm-und-Anmeldung-g%C3%BCltige-Version-1.pdf\"><em>25 Jahre St\u00e4dtepartnerschaft mit Gy\u0151r- B\u00fcrgerfahrt<\/em><\/a><\/td>\n<td style=\"background-color: #edfee3; height: 36px; width: 28.3305%;\">Gy\u0151r<\/td>\n<td style=\"width: 8.04007%; height: 36px;\"><\/td>\n<\/tr>\n<tr style=\"background-color: #008000; height: 36px;\">\n<td style=\"background-color: #edfee3; text-align: right; height: 36px; width: 21.3484%;\">24. &#8211; 27.7.<\/td>\n<td style=\"background-color: #edfee3; height: 36px; width: 53.8991%;\"><em><a href=\"http:\/\/www.ispas-ev.de\/wp-content\/uploads\/2011\/07\/140301ISPASGyoer2014.pdf\">Besuch in\u00a0Gy\u0151r: 25 Jahre Partnerschaftsvertrag<\/a> <\/em><\/td>\n<td style=\"background-color: #edfee3; height: 36px; width: 28.3305%;\">Gy\u0151r<\/td>\n<td style=\"width: 8.04007%; height: 36px;\"><\/td>\n<\/tr>\n<tr style=\"background-color: #008000; height: 36px;\">\n<td style=\"background-color: #edfee3; text-align: right; height: 36px; width: 21.3484%;\">20. &#8211; 22.7<\/td>\n<td style=\"background-color: #edfee3; height: 36px; width: 53.8991%;\"><a href=\"http:\/\/www.ispas-ev.de\/wp-content\/uploads\/2014\/06\/2014-Handzettel-2.pdf\">38. Internationales Stra\u00dfenfest<\/a><\/td>\n<td style=\"background-color: #edfee3; height: 36px; width: 28.3305%;\">Sindelfingen<\/td>\n<td style=\"width: 8.04007%; height: 36px;\"><\/td>\n<\/tr>\n<tr style=\"background-color: #008000; height: 36px;\">\n<td style=\"background-color: #edfee3; text-align: right; height: 36px; width: 21.3484%;\">19.6. <em>18:00<\/em><\/td>\n<td style=\"background-color: #edfee3; height: 36px; width: 53.8991%;\">Partnerschaftsabend<\/td>\n<td style=\"background-color: #edfee3; height: 36px; width: 28.3305%;\">B\u00fcrgerhaus Maichingen<\/td>\n<td style=\"width: 8.04007%; height: 36px;\"><\/td>\n<\/tr>\n<tr style=\"background-color: #008000; height: 36px;\">\n<td style=\"background-color: #edfee3; text-align: right; height: 36px; width: 21.3484%;\">8.5. &#8211; 12.5.<\/td>\n<td style=\"background-color: #edfee3; height: 36px; width: 53.8991%;\"><em>B\u00fcrgerfahrt <\/em>nach Dronfield<\/td>\n<td style=\"background-color: #edfee3; height: 36px; width: 28.3305%;\">Dronfield<\/td>\n<td style=\"width: 8.04007%; height: 36px;\"><\/td>\n<\/tr>\n<tr style=\"background-color: #008000; height: 58px;\">\n<td style=\"background-color: #edfee3; text-align: right; height: 58px; width: 21.3484%;\">21.2.<\/td>\n<td style=\"background-color: #edfee3; height: 58px; width: 53.8991%;\"><strong>Jahreshauptversammlung<\/strong><\/td>\n<td style=\"background-color: #edfee3; height: 58px; width: 28.3305%;\">Galerie der Stadt Sindelfingen<\/td>\n<td style=\"width: 8.04007%; height: 58px;\"><\/td>\n<\/tr>\n<tr style=\"background-color: #008000; height: 36px;\">\n<td style=\"background-color: #ccffae; text-align: center; height: 36px; width: 75.2475%;\" colspan=\"2\"><strong>2013<\/strong><\/td>\n<td style=\"background-color: #ccffae; height: 36px; width: 28.3305%;\"><\/td>\n<td style=\"width: 8.04007%; height: 36px;\"><\/td>\n<\/tr>\n<tr style=\"background-color: #008000; height: 58px;\">\n<td style=\"background-color: #edfee3; text-align: right; height: 58px; width: 21.3484%;\">6. &#8211; 8. 12.<\/td>\n<td style=\"background-color: #edfee3; height: 58px; width: 53.8991%;\"><em>Weihnachtsmarkt\u00a0 <\/em>mit Weihnachtsmann aus Torgau und Stand aus Gy\u00f6r<\/td>\n<td style=\"background-color: #edfee3; height: 58px; width: 28.3305%;\">Sindelfingen<\/td>\n<td style=\"width: 8.04007%; height: 58px;\"><\/td>\n<\/tr>\n<tr style=\"background-color: #008000; height: 36px;\">\n<td style=\"background-color: #edfee3; text-align: right; height: 36px; width: 21.3484%;\">17. &#8211; 31.10.<\/td>\n<td style=\"background-color: #edfee3; height: 36px; width: 53.8991%;\"><em>Comic-Projekt mit Corbeil-Essonnes<\/em> &#8211; Gegenbesuch<\/td>\n<td style=\"background-color: #edfee3; height: 36px; width: 28.3305%;\">Corbeil-Essonnes<\/td>\n<td style=\"width: 8.04007%; height: 36px;\"><\/td>\n<\/tr>\n<tr style=\"background-color: #008000; height: 36px;\">\n<td style=\"background-color: #edfee3; text-align: right; height: 36px; width: 21.3484%;\">19. &#8211; 20.7.<\/td>\n<td style=\"background-color: #edfee3; height: 36px; width: 53.8991%;\"><strong>Zeitspaziergang<\/strong> im Rahmen der 750-Jahrfeier der Stadt Sindelfingen<\/td>\n<td style=\"background-color: #edfee3; height: 36px; width: 28.3305%;\">Sindelfingen<\/td>\n<td style=\"width: 8.04007%; height: 36px;\"><\/td>\n<\/tr>\n<tr style=\"background-color: #008000; height: 58px;\">\n<td style=\"background-color: #edfee3; text-align: right; height: 58px; width: 21.3484%;\">14.7. &#8211; 23.7.<\/td>\n<td style=\"background-color: #edfee3; height: 58px; width: 53.8991%;\"><em>Jugend in Aktion<\/em> unter dem Motto: <strong>Menschen meiner Stadt<\/strong> (Theaterprojekt)<\/td>\n<td style=\"background-color: #edfee3; height: 58px; width: 28.3305%;\">Sindelfingen<\/td>\n<td style=\"width: 8.04007%; height: 58px;\"><\/td>\n<\/tr>\n<tr style=\"background-color: #008000; height: 36px;\">\n<td style=\"background-color: #edfee3; text-align: right; height: 36px; width: 21.3484%;\">14. &#8211; 16.6.<\/td>\n<td style=\"background-color: #edfee3; height: 36px; width: 53.8991%;\">\u00a037. Internationales Stra\u00dfenfest<\/td>\n<td style=\"background-color: #edfee3; height: 36px; width: 28.3305%;\">Sindelfingen<\/td>\n<td style=\"width: 8.04007%; height: 36px;\"><\/td>\n<\/tr>\n<tr style=\"background-color: #008000; height: 36px;\">\n<td style=\"background-color: #edfee3; text-align: right; height: 36px; width: 21.3484%;\">24. &#8211; 29.5.<\/td>\n<td style=\"background-color: #edfee3; height: 36px; width: 53.8991%;\"><em>Comic-Projekt mit Corbeil-Essonnes<\/em> &#8211; Workshop<\/td>\n<td style=\"background-color: #edfee3; height: 36px; width: 28.3305%;\">Sindelfingen<\/td>\n<td style=\"width: 8.04007%; height: 36px;\"><\/td>\n<\/tr>\n<tr style=\"background-color: #008000; height: 36px;\">\n<td style=\"background-color: #edfee3; text-align: right; height: 36px; width: 21.3484%;\">19. &#8211; 21.4.<\/td>\n<td style=\"background-color: #edfee3; height: 36px; width: 53.8991%;\">offizieller Festakt zur <strong>750-Jahrfeier<\/strong> der Stadt Sindelfingen<\/td>\n<td style=\"background-color: #edfee3; height: 36px; width: 28.3305%;\">Sindelfingen<\/td>\n<td style=\"width: 8.04007%; height: 36px;\"><\/td>\n<\/tr>\n<tr style=\"background-color: #008000; height: 36px;\">\n<td style=\"background-color: #edfee3; text-align: right; height: 36px; width: 21.3484%;\">31.3. &#8211; 7.4.<\/td>\n<td style=\"background-color: #edfee3; height: 36px; width: 53.8991%;\"><a class=\"wp-oembed\" href=\"http:\/\/www.ispas-ev.de\/?p=2252\"><em>Jugend in Aktion <\/em>unter dem Motto: <strong>Heimat ist &#8230;<\/strong> (Tanzprojekt)<\/a><\/td>\n<td style=\"background-color: #edfee3; height: 36px; width: 28.3305%;\">Sindelfingen<\/td>\n<td style=\"width: 8.04007%; height: 36px;\"><\/td>\n<\/tr>\n<tr style=\"background-color: #008000; height: 58px;\">\n<td style=\"background-color: #edfee3; text-align: right; height: 58px; width: 21.3484%;\">22.2. <em>17:30<\/em><br \/>\n<em>18:30<\/em><\/td>\n<td style=\"background-color: #edfee3; height: 58px; width: 53.8991%;\"><em>Otto Pannewitz f\u00fchrt durch die Ausstellung<\/em><br \/>\n<strong>Jahreshauptversammlung<\/strong><\/td>\n<td style=\"background-color: #edfee3; height: 58px; width: 28.3305%;\">Galerie der Stadt Sindelfingen<\/td>\n<td style=\"width: 8.04007%; height: 58px;\"><\/td>\n<\/tr>\n<tr style=\"background-color: #008000; height: 36px;\">\n<td style=\"background-color: #ccffae; text-align: center; height: 36px; width: 75.2475%;\" colspan=\"2\"><span style=\"font-family: arial,helvetica,sans-serif;\"><strong><span style=\"font-size: small;\">2012<\/span><\/strong> <\/span><\/td>\n<td style=\"background-color: #ccffae; text-align: left; height: 36px; width: 28.3305%;\"><\/td>\n<td style=\"width: 8.04007%; height: 36px;\"><\/td>\n<\/tr>\n<tr style=\"background-color: #008000; height: 58px;\">\n<td style=\"background-color: #edfee3; text-align: right; height: 58px; width: 21.3484%;\">7. &#8211; 9.12.<\/td>\n<td style=\"background-color: #edfee3; height: 58px; width: 53.8991%;\"><a href=\"http:\/\/www.ispas-ev.de\/?p=2226\">R\u00e9ka nimmt Teil: Stand mit ungarischen Spezialit\u00e4ten<\/a><\/td>\n<td style=\"background-color: #edfee3; height: 58px; width: 28.3305%;\">Sindelfinger Weihnachtsmarkt<\/td>\n<td style=\"width: 8.04007%; height: 58px;\"><\/td>\n<\/tr>\n<tr style=\"background-color: #008000; height: 58px;\">\n<td style=\"background-color: #edfee3; text-align: right; height: 58px; width: 21.3484%;\">20. &#8211; 21.11.<\/td>\n<td style=\"background-color: #edfee3; height: 58px; width: 53.8991%;\"><a href=\"http:\/\/www.ispas-ev.de\/?p=2138%20\">Vorf\u00fchrung von Filmen der<br \/>\n&#8222;Internationalen Naturfilmfestivals&#8220; Sondrio<\/a><\/td>\n<td style=\"background-color: #edfee3; height: 58px; width: 28.3305%;\">VHS Vortragssaal<\/td>\n<td style=\"width: 8.04007%; height: 58px;\"><\/td>\n<\/tr>\n<tr style=\"background-color: #008000; height: 36px;\">\n<td style=\"background-color: #edfee3; text-align: right; height: 36px; width: 21.3484%;\">18.11. <em>11:00<\/em><\/td>\n<td style=\"background-color: #edfee3; height: 36px; width: 53.8991%;\">Gedenkstunde zum Volkstrauertag<\/td>\n<td style=\"background-color: #edfee3; height: 36px; width: 28.3305%;\">Alter Friedhof<\/td>\n<td style=\"width: 8.04007%; height: 36px;\"><\/td>\n<\/tr>\n<tr style=\"background-color: #008000; height: 58px;\">\n<td style=\"background-color: #edfee3; text-align: right; height: 58px; width: 21.3484%;\">19.10. &#8211; 17.11.<\/td>\n<td style=\"background-color: #edfee3; height: 58px; width: 53.8991%;\"><a href=\"http:\/\/www.ispas-ev.de\/?p=2124\">Ausstellung &#8222;Paroles urbaines &#8211; Paroles Traditionelles<\/a><\/td>\n<td style=\"background-color: #edfee3; height: 58px; width: 28.3305%;\">Musikschule SMTT Sindelfingen<\/td>\n<td style=\"width: 8.04007%; height: 58px;\"><\/td>\n<\/tr>\n<tr style=\"background-color: #008000; height: 58px;\">\n<td style=\"background-color: #edfee3; text-align: right; height: 58px; width: 21.3484%;\">Sept<\/td>\n<td style=\"background-color: #edfee3; height: 58px; width: 53.8991%;\">Besuchergruppe aus Corbeil-Essonnes zum Venezianischen Karneval in Ludwigsburg zu Gast in Sindelfingen<\/td>\n<td style=\"background-color: #edfee3; height: 58px; width: 28.3305%;\"><\/td>\n<td style=\"width: 8.04007%; height: 58px;\"><\/td>\n<\/tr>\n<tr style=\"background-color: #008000; height: 36px;\">\n<td style=\"background-color: #edfee3; text-align: right; height: 36px; width: 21.3484%;\">16. &#8211; 17.8.<\/td>\n<td style=\"background-color: #edfee3; height: 36px; width: 53.8991%;\"><a href=\"http:\/\/www.ispas-ev.de\/?p=2042\">Tandemverein aus Gy\u0151r<\/a><\/td>\n<td style=\"background-color: #edfee3; height: 36px; width: 28.3305%;\">Sindelfingen<\/td>\n<td style=\"width: 8.04007%; height: 36px;\"><\/td>\n<\/tr>\n<tr style=\"background-color: #008000; height: 58px;\">\n<td style=\"background-color: #edfee3; text-align: right; height: 58px; width: 21.3484%;\">13. &#8211; 15.7.<\/td>\n<td style=\"background-color: #edfee3; height: 58px; width: 53.8991%;\"><a title=\"60 Jahre Partnerschaft mit Schaffhausen -Staffellauf\" href=\"http:\/\/www.ispas-ev.de\/?p=1545\">Staffellauf<\/a> und Radtour nach Schaffhausen<\/td>\n<td style=\"background-color: #edfee3; height: 58px; width: 28.3305%;\">Sindelfingen bis Schaffhausen<\/td>\n<td style=\"width: 8.04007%; height: 58px;\"><\/td>\n<\/tr>\n<tr style=\"background-color: #008000; height: 58px;\">\n<td style=\"background-color: #edfee3; text-align: right; height: 58px; width: 21.3484%;\">13.7.\u00a0 <em>19:30<\/em><\/td>\n<td style=\"background-color: #edfee3; height: 58px; width: 53.8991%;\"><em>Jugend in Aktion<\/em>\u00a0 Performance im <em style=\"background-color: #edfee3;\">Theaterkeller<\/em><br \/>\nAbschlussparty im<em style=\"background-color: #edfee3;\"> Lichtsaal <\/em>neben der Galerie<em style=\"background-color: #edfee3;\"><br \/>\n<\/em><\/td>\n<td style=\"background-color: #edfee3; height: 58px; width: 28.3305%;\">Sindelfingen<\/td>\n<td style=\"width: 8.04007%; height: 58px;\"><\/td>\n<\/tr>\n<tr style=\"background-color: #008000; height: 58px;\">\n<td style=\"background-color: #edfee3; text-align: right; height: 58px; width: 21.3484%;\">5. &#8211; 13.7.<\/td>\n<td style=\"background-color: #edfee3; height: 58px; width: 53.8991%;\"><em>Jugend in Aktion<\/em>, Motto:<br \/>\nStreets of Europe &#8211; in den Stra\u00dfen meiner Stadt<\/td>\n<td style=\"background-color: #edfee3; height: 58px; width: 28.3305%;\">Sindelfingen<\/td>\n<td style=\"width: 8.04007%; height: 58px;\"><\/td>\n<\/tr>\n<tr style=\"background-color: #008000; height: 36px;\">\n<td style=\"background-color: #edfee3; text-align: right; height: 36px; width: 21.3484%;\">22. &#8211; 24.6.<\/td>\n<td style=\"background-color: #edfee3; height: 36px; width: 53.8991%;\"><a href=\"http:\/\/www.ispas-ev.de\/?p=1845%20\"><em>60 Jahre St\u00e4dtefreundschaft mit Schaffhausen<\/em> B\u00fcrgerfahrt<\/a><\/td>\n<td style=\"background-color: #edfee3; height: 36px; width: 28.3305%;\">Schaffhausen<\/td>\n<td style=\"width: 8.04007%; height: 36px;\"><\/td>\n<\/tr>\n<tr style=\"background-color: #008000; height: 36px;\">\n<td style=\"background-color: #edfee3; text-align: right; height: 36px; width: 21.3484%;\">15. &#8211; 17.6.<\/td>\n<td style=\"background-color: #edfee3; height: 36px; width: 53.8991%;\"><a href=\"http:\/\/www.ispas-ev.de\/?p=1885\">36. Internationales Stra\u00dfenfest<\/a><\/td>\n<td style=\"background-color: #edfee3; height: 36px; width: 28.3305%;\">Sindelfingen<\/td>\n<td style=\"width: 8.04007%; height: 36px;\"><\/td>\n<\/tr>\n<tr style=\"background-color: #008000; height: 36px;\">\n<td style=\"background-color: #edfee3; text-align: right; height: 36px; width: 21.3484%;\">14.6.\u00a0 <em>18:00<\/em><\/td>\n<td style=\"background-color: #edfee3; height: 36px; width: 53.8991%;\">Partnerschaftsabend<\/td>\n<td style=\"background-color: #edfee3; height: 36px; width: 28.3305%;\">B\u00fcrgerhaus Maichingen<\/td>\n<td style=\"width: 8.04007%; height: 36px;\"><\/td>\n<\/tr>\n<tr style=\"background-color: #008000; height: 36px;\">\n<td style=\"background-color: #edfee3; text-align: right; height: 36px; width: 21.3484%;\">16.5. &#8211; 20.5.<\/td>\n<td style=\"background-color: #edfee3; height: 36px; width: 53.8991%;\">Besuchergruppe aus Corbeil-Essonnes zu Gast in Sindelfingen<\/td>\n<td style=\"background-color: #edfee3; height: 36px; width: 28.3305%;\">Sindelfingen<\/td>\n<td style=\"width: 8.04007%; height: 36px;\"><\/td>\n<\/tr>\n<tr style=\"background-color: #008000; height: 58px;\">\n<td style=\"background-color: #edfee3; text-align: right; height: 58px; width: 21.3484%;\">28.4.\u00a0 <em>19:30<\/em><\/td>\n<td style=\"background-color: #edfee3; height: 58px; width: 53.8991%;\"><a href=\"http:\/\/www.ispas-ev.de\/wp-content\/uploads\/2012\/04\/Konzert-28.04.12.pdf\">Konzert <\/a>mit dem Singekreis Torgau und dem Liederkranz Darmsheim<\/td>\n<td style=\"background-color: #edfee3; height: 58px; width: 28.3305%;\">Turn- und Festhalle Darmsheim<\/td>\n<td style=\"width: 8.04007%; height: 58px;\"><\/td>\n<\/tr>\n<tr style=\"background-color: #008000; height: 80px;\">\n<td style=\"background-color: #edfee3; text-align: right; height: 80px; width: 21.3484%;\">31.3.\u00a0 <em>12:30<\/em><\/td>\n<td style=\"background-color: #edfee3; height: 80px; width: 53.8991%;\"><a href=\"http:\/\/www.ispas-ev.de\/wp-content\/uploads\/2012\/03\/20120301BesuchAusstellungWaldenbuch2.pdf\"><em>60 Jahre St\u00e4dtefreundschaft mit Schaffhausen<\/em><br \/>\nFahrt zur Ausstellung der Schweizer K\u00fcnstlerin <strong>Rita Ernst<\/strong> nach Waldenbuch<\/a><\/td>\n<td style=\"background-color: #edfee3; height: 80px; width: 28.3305%;\">Sindelfingen, Waldenbuch<\/td>\n<td style=\"width: 8.04007%; height: 80px;\"><\/td>\n<\/tr>\n<tr style=\"background-color: #008000; height: 58px;\">\n<td style=\"background-color: #edfee3; text-align: right; height: 58px; width: 21.3484%;\">17.2.\u00a0 <em>17:30<\/em> <em>18:30<\/em><\/td>\n<td style=\"background-color: #edfee3; height: 58px; width: 53.8991%;\"><a title=\"Jahreshauptversammlung 2012 \u2013 Einladung\" href=\"http:\/\/www.ispas-ev.de\/?p=977\"><em>Otto Pannewitz f\u00fchrt durch die Ausstellung<\/em><br \/>\nJahreshauptversammlung<\/a><\/td>\n<td style=\"background-color: #edfee3; height: 58px; width: 28.3305%;\">Galerie der Stadt Sindelfingen<\/td>\n<td style=\"width: 8.04007%; height: 58px;\"><\/td>\n<\/tr>\n<tr style=\"background-color: #008000; height: 36px;\">\n<td style=\"background-color: #ccffae; text-align: center; height: 36px; width: 75.2475%;\" colspan=\"2\"><strong><span style=\"font-family: arial,helvetica,sans-serif;\"><span style=\"font-size: small;\">\u00a02011<\/span><\/span><\/strong><\/td>\n<td style=\"background-color: #ccffae; height: 36px; width: 28.3305%;\"><\/td>\n<td style=\"width: 8.04007%; height: 36px;\"><\/td>\n<\/tr>\n<tr style=\"background-color: #008000; height: 102px;\">\n<td style=\"background-color: #edfee3; text-align: right; height: 102px; width: 21.3484%;\">3.12.<\/td>\n<td style=\"background-color: #edfee3; height: 102px; width: 53.8991%;\">50 Jahre Partnerschaft mit Corbeil-Essonnes<br \/>\n40 Jahre Partnerschaft mit Dronfield<br \/>\n10 Jahre Partnerschaft mit Che\u0142m<br \/>\noffizielles Programm der Stadt Sindelfingen<\/td>\n<td style=\"background-color: #edfee3; height: 102px; width: 28.3305%;\">Turn- und Festhalle Darmsheim<\/td>\n<td style=\"width: 8.04007%; height: 102px;\"><\/td>\n<\/tr>\n<tr style=\"background-color: #008000; height: 58px;\">\n<td style=\"background-color: #edfee3; text-align: right; height: 58px; width: 21.3484%;\">2. &#8211; 4.12.<\/td>\n<td style=\"background-color: #edfee3; height: 58px; width: 53.8991%;\"><a href=\"http:\/\/www.ispas-ev.de\/?p=910%20\">Weihnachtsmarkt<\/a><br \/>\n<a href=\"http:\/\/www.ispas-ev.de\/?p=910%20\"> mit St\u00e4nden aus Che\u0142m und Gy\u0151r<\/a><\/td>\n<td style=\"background-color: #edfee3; height: 58px; width: 28.3305%;\">Sindelfingen Marktplatz<\/td>\n<td style=\"width: 8.04007%; height: 58px;\"><\/td>\n<\/tr>\n<tr style=\"background-color: #008000; height: 36px;\">\n<td style=\"background-color: #edfee3; text-align: right; height: 36px; width: 21.3484%;\">13.11.<\/td>\n<td style=\"background-color: #edfee3; height: 36px; width: 53.8991%;\">Gedenkstunde zum Volkstrauertag<\/td>\n<td style=\"background-color: #edfee3; height: 36px; width: 28.3305%;\">Alter Friedhof<\/td>\n<td style=\"width: 8.04007%; height: 36px;\"><\/td>\n<\/tr>\n<tr style=\"background-color: #008000; height: 36px;\">\n<td style=\"background-color: #edfee3; text-align: right; height: 36px; width: 21.3484%;\">11. &#8211; 13.11.<\/td>\n<td style=\"background-color: #edfee3; height: 36px; width: 53.8991%;\"><a href=\"http:\/\/www.ispas-ev.de\/?p=922%20\">Buchsalon<\/a><\/td>\n<td style=\"background-color: #edfee3; height: 36px; width: 28.3305%;\">Gy\u0151r<\/td>\n<td style=\"width: 8.04007%; height: 36px;\"><\/td>\n<\/tr>\n<tr style=\"background-color: #008000; height: 36px;\">\n<td style=\"background-color: #edfee3; text-align: right; height: 36px; width: 21.3484%;\">22. &#8211; 26.09.<\/td>\n<td style=\"background-color: #edfee3; height: 36px; width: 53.8991%;\"><a href=\"http:\/\/www.ispas-ev.de\/wp-content\/uploads\/2012\/03\/20110726Dronfield-Programm.pdf\">B\u00fcrgerfahrt nach Dronfield<\/a><\/td>\n<td style=\"background-color: #edfee3; height: 36px; width: 28.3305%;\">Dronfield<\/td>\n<td style=\"width: 8.04007%; height: 36px;\"><\/td>\n<\/tr>\n<tr style=\"background-color: #008000; height: 58px;\">\n<td style=\"background-color: #edfee3; text-align: right; height: 58px; width: 21.3484%;\">14. &#8211; 17.09.<\/td>\n<td style=\"background-color: #edfee3; height: 58px; width: 53.8991%;\"><a href=\"http:\/\/www.ispas-ev.de\/?p=1115%20\">Staffellauf nach Corbeil-Essonnes<\/a><\/td>\n<td style=\"background-color: #edfee3; height: 58px; width: 28.3305%;\">Sindelfingen bis Corbeil-Essonnes<\/td>\n<td style=\"width: 8.04007%; height: 58px;\"><\/td>\n<\/tr>\n<\/tbody>\n<\/table>\n<p>&nbsp;<\/p>\n","protected":false},"excerpt":{"rendered":"<p>&nbsp; Zeitpunkt Ereignis Ort 2023 27.11.23; 19.30 Erweiterte Vorstandssitzung 09.10.23; 19.30 Erweiterte Vorstandssitzung 28.07.23; 18.00 MITGLIEDERVERSAMMLUNG 12.06.23; 19.30 Erweiterte Vorstandssitzung 15.05.23; 19.30 Erweiterte Vorstandssitzung 17.04.23; 19.30 Erweiterte Vorstandssitzung 27.03.23; 19.30 [&hellip;]<\/p>\n","protected":false},"author":5,"featured_media":0,"parent":0,"menu_order":10,"comment_status":"closed","ping_status":"closed","template":"","meta":{"ngg_post_thumbnail":0},"_links":{"self":[{"href":"https:\/\/test.ispas-ev.de\/index.php?rest_route=\/wp\/v2\/pages\/4"}],"collection":[{"href":"https:\/\/test.ispas-ev.de\/index.php?rest_route=\/wp\/v2\/pages"}],"about":[{"href":"https:\/\/test.ispas-ev.de\/index.php?rest_route=\/wp\/v2\/types\/page"}],"author":[{"embeddable":true,"href":"https:\/\/test.ispas-ev.de\/index.php?rest_route=\/wp\/v2\/users\/5"}],"replies":[{"embeddable":true,"href":"https:\/\/test.ispas-ev.de\/index.php?rest_route=%2Fwp%2Fv2%2Fcomments&post=4"}],"version-history":[{"count":258,"href":"https:\/\/test.ispas-ev.de\/index.php?rest_route=\/wp\/v2\/pages\/4\/revisions"}],"predecessor-version":[{"id":7010,"href":"https:\/\/test.ispas-ev.de\/index.php?rest_route=\/wp\/v2\/pages\/4\/revisions\/7010"}],"wp:attachment":[{"href":"https:\/\/test.ispas-ev.de\/index.php?rest_route=%2Fwp%2Fv2%2Fmedia&parent=4"}],"curies":[{"name":"wp","href":"https:\/\/api.w.org\/{rel}","templated":true}]}}