{"id":1219,"date":"2012-02-25T18:18:30","date_gmt":"2012-02-25T16:18:30","guid":{"rendered":"http:\/\/www.ispas-ev.de\/?page_id=1219"},"modified":"2023-01-26T18:52:59","modified_gmt":"2023-01-26T17:52:59","slug":"vorstand-2","status":"publish","type":"page","link":"https:\/\/test.ispas-ev.de\/?page_id=1219","title":{"rendered":"Vorstand"},"content":{"rendered":"<p>&nbsp;<\/p>\n<table style=\"width: 97.8322%; height: 786px;\" border=\"0\" frame=\"border\" cellpadding=\"10\">\n<tbody style=\"font-family: Arial,Helvetica,sans-serif; font-size: 12px; background-color: #daffc7;\">\n<tr style=\"height: 30px;\">\n<td style=\"background-color: #edfee3; vertical-align: top; width: 38.1895%; height: 119px;\"><strong><span style=\"font-size: small;\"><em>Vorsitzende<\/em><\/span><\/strong><\/td>\n<td style=\"background-color: #edfee3; width: 24.3281%; height: 119px;\"><a href=\"https:\/\/www.ispas-ev.de\/wp-content\/uploads\/2022\/05\/Brigitte-Stegmaier-verkleinert.jpg\"><img decoding=\"async\" loading=\"lazy\" class=\"alignnone size-medium wp-image-6200\" src=\"https:\/\/www.ispas-ev.de\/wp-content\/uploads\/2022\/05\/Brigitte-Stegmaier-verkleinert-225x300.jpg\" alt=\"\" width=\"225\" height=\"300\" srcset=\"https:\/\/test.ispas-ev.de\/wp-content\/uploads\/2022\/05\/Brigitte-Stegmaier-verkleinert-225x300.jpg 225w, https:\/\/test.ispas-ev.de\/wp-content\/uploads\/2022\/05\/Brigitte-Stegmaier-verkleinert.jpg 443w\" sizes=\"(max-width: 225px) 100vw, 225px\" \/><\/a><\/td>\n<td style=\"background-color: #edfee3; vertical-align: top; width: 35.3607%; height: 119px;\"><span style=\"font-size: small;\"><br \/>\n<a href=\"http:\/\/mailto info@ispas-ev.de\">Brigitte Stegmaier<\/a><\/span><\/td>\n<\/tr>\n<tr style=\"height: 30px;\">\n<td style=\"background-color: #edfee3; vertical-align: top; width: 38.1895%; height: 136px;\"><span style=\"font-size: small;\"><em><strong>Stellvertreter<\/strong><\/em><\/span><\/td>\n<td style=\"background-color: #edfee3; width: 24.3281%; height: 136px;\"><a href=\"https:\/\/www.ispas-ev.de\/wp-content\/uploads\/2022\/10\/Wolfgang-Trefz-1-verkleinert.jpg\"><img decoding=\"async\" loading=\"lazy\" class=\"alignnone size-medium wp-image-6617\" src=\"https:\/\/www.ispas-ev.de\/wp-content\/uploads\/2022\/10\/Wolfgang-Trefz-1-verkleinert-225x300.jpg\" alt=\"\" width=\"225\" height=\"300\" srcset=\"https:\/\/test.ispas-ev.de\/wp-content\/uploads\/2022\/10\/Wolfgang-Trefz-1-verkleinert-225x300.jpg 225w, https:\/\/test.ispas-ev.de\/wp-content\/uploads\/2022\/10\/Wolfgang-Trefz-1-verkleinert.jpg 443w\" sizes=\"(max-width: 225px) 100vw, 225px\" \/><\/a><\/td>\n<td style=\"background-color: #edfee3; vertical-align: top; width: 35.3607%; height: 136px;\"><span style=\"font-size: small;\"><br \/>\n<\/span><span style=\"font-size: small;\"><a href=\"mailto:vorstand@ispas-ev.de\">Wolfgang Trefz<\/a><\/span>&nbsp;<\/td>\n<\/tr>\n<tr style=\"height: 30px;\">\n<td style=\"background-color: #edfee3; vertical-align: top; width: 38.1895%; height: 137px;\"><span style=\"font-size: small;\"><em><strong>Stellvertreterin\u00a0<\/strong><\/em><\/span><\/td>\n<td style=\"background-color: #edfee3; width: 24.3281%; height: 137px;\"><a href=\"https:\/\/www.ispas-ev.de\/wp-content\/uploads\/2022\/05\/Ute-Walker-klein.jpg\"><img decoding=\"async\" loading=\"lazy\" class=\"alignnone size-medium wp-image-6203\" src=\"https:\/\/www.ispas-ev.de\/wp-content\/uploads\/2022\/05\/Ute-Walker-klein-225x300.jpg\" alt=\"\" width=\"225\" height=\"300\" srcset=\"https:\/\/test.ispas-ev.de\/wp-content\/uploads\/2022\/05\/Ute-Walker-klein-225x300.jpg 225w, https:\/\/test.ispas-ev.de\/wp-content\/uploads\/2022\/05\/Ute-Walker-klein.jpg 443w\" sizes=\"(max-width: 225px) 100vw, 225px\" \/><\/a><\/td>\n<td style=\"background-color: #edfee3; vertical-align: top; width: 35.3607%; height: 137px;\"><span style=\"font-size: small;\"><br \/>\n<a href=\"mailto: dronfield@ispas-ev.de\">U<\/a><\/span><span style=\"font-size: small;\"><a href=\"mailto: vorstand@ispas-ev.de\">te Walker<\/a><\/span><\/td>\n<\/tr>\n<tr style=\"height: 30px;\">\n<td style=\"background-color: #edfee3; vertical-align: top; width: 38.1895%; height: 159px;\"><span style=\"font-size: small;\"><em><strong>Pressesprecherin<\/strong><\/em><\/span><\/td>\n<td style=\"background-color: #edfee3; width: 24.3281%; height: 159px;\"><a href=\"https:\/\/www.ispas-ev.de\/wp-content\/uploads\/2022\/05\/Ursula-Steinhuebl-1-verkleinert.jpg\"><img decoding=\"async\" loading=\"lazy\" class=\"alignnone size-medium wp-image-6197\" src=\"https:\/\/www.ispas-ev.de\/wp-content\/uploads\/2022\/05\/Ursula-Steinhuebl-1-verkleinert-225x300.jpg\" alt=\"\" width=\"225\" height=\"300\" srcset=\"https:\/\/test.ispas-ev.de\/wp-content\/uploads\/2022\/05\/Ursula-Steinhuebl-1-verkleinert-225x300.jpg 225w, https:\/\/test.ispas-ev.de\/wp-content\/uploads\/2022\/05\/Ursula-Steinhuebl-1-verkleinert.jpg 443w\" sizes=\"(max-width: 225px) 100vw, 225px\" \/><\/a><\/td>\n<td style=\"background-color: #edfee3; vertical-align: top; width: 35.3607%; height: 159px;\">&nbsp;<\/p>\n<p><a href=\"mailto:presse@ispas-ev.de\"><span style=\"font-size: small;\">Ursula Steinh\u00fcbl<\/span><\/a><\/td>\n<\/tr>\n<tr style=\"height: 30px;\">\n<td style=\"background-color: #edfee3; vertical-align: top; width: 38.1895%; height: 108px;\"><span style=\"font-size: small;\"><em><strong>Schriftf\u00fchrerin<\/strong><\/em><\/span><\/td>\n<td style=\"background-color: #edfee3; width: 24.3281%; height: 108px;\"><a href=\"https:\/\/www.ispas-ev.de\/wp-content\/uploads\/2022\/05\/Ursula-Steinhuebl-1-verkleinert.jpg\"><img decoding=\"async\" loading=\"lazy\" class=\"alignnone size-medium wp-image-6197\" src=\"https:\/\/www.ispas-ev.de\/wp-content\/uploads\/2022\/05\/Ursula-Steinhuebl-1-verkleinert-225x300.jpg\" alt=\"\" width=\"225\" height=\"300\" srcset=\"https:\/\/test.ispas-ev.de\/wp-content\/uploads\/2022\/05\/Ursula-Steinhuebl-1-verkleinert-225x300.jpg 225w, https:\/\/test.ispas-ev.de\/wp-content\/uploads\/2022\/05\/Ursula-Steinhuebl-1-verkleinert.jpg 443w\" sizes=\"(max-width: 225px) 100vw, 225px\" \/><\/a><\/td>\n<td style=\"background-color: #edfee3; vertical-align: top; width: 35.3607%; height: 108px;\">&nbsp;<\/p>\n<p><a href=\"mailto: info@ispas-ev.de\">Ursula Steinh\u00fcbl <\/a><\/td>\n<\/tr>\n<tr style=\"height: 30px;\">\n<td style=\"background-color: #edfee3; vertical-align: top; width: 38.1895%; height: 127px;\"><span style=\"font-size: small;\"><em><strong>Schatzmeisterin<br \/>\n<\/strong><\/em><\/span><\/td>\n<td style=\"background-color: #edfee3; width: 24.3281%; height: 127px;\"><a href=\"https:\/\/www.ispas-ev.de\/wp-content\/uploads\/2022\/05\/Rita-Fischer-verkleinert.jpg\"><img decoding=\"async\" loading=\"lazy\" class=\"alignnone size-medium wp-image-6202\" src=\"https:\/\/www.ispas-ev.de\/wp-content\/uploads\/2022\/05\/Rita-Fischer-verkleinert-225x300.jpg\" alt=\"\" width=\"225\" height=\"300\" srcset=\"https:\/\/test.ispas-ev.de\/wp-content\/uploads\/2022\/05\/Rita-Fischer-verkleinert-225x300.jpg 225w, https:\/\/test.ispas-ev.de\/wp-content\/uploads\/2022\/05\/Rita-Fischer-verkleinert.jpg 443w\" sizes=\"(max-width: 225px) 100vw, 225px\" \/><\/a><\/td>\n<td style=\"background-color: #edfee3; vertical-align: top; width: 35.3607%; height: 127px;\">&nbsp;<\/p>\n<p><span style=\"font-size: small;\"><a href=\"mailto:schatzmeisterin@ispas-ev.de\">Rita Fischer<\/a><\/span><\/p>\n<p>&nbsp;<\/p>\n<p>&nbsp;<\/td>\n<\/tr>\n<\/tbody>\n<\/table>\n<p>&nbsp;<\/p>\n<p>\u200b<\/p>\n<p>\u200b<\/p>\n<p>\u200b<\/p>\n<table style=\"width: 100%; height: 694px;\" border=\"0\" cellpadding=\"10\">\n<thead>\n<tr style=\"height: 30px; background-color: #008000;\" align=\"left\">\n<td style=\"height: 20px;\" align=\"center\"><span style=\"font-size: small; color: #ffffff;\"><em><strong> Partnerstadt<\/strong><\/em><\/span><\/td>\n<td style=\"height: 20px;\" align=\"center\"><\/td>\n<td style=\"height: 20px;\" align=\"center\"><span style=\"font-size: small; color: #ffffff;\"><em><strong> 1. SprecherIn<\/strong><\/em><\/span><\/td>\n<td style=\"height: 20px;\" align=\"center\"><\/td>\n<td style=\"height: 20px;\" align=\"center\"><span style=\"font-size: small; color: #ffffff;\"><em><strong>StellvertreterIn<\/strong><\/em><\/span><\/td>\n<\/tr>\n<\/thead>\n<tbody style=\"font-family: Arial,Helvetica,sans-serif; font-size: 12px; background-color: #daffc7;\">\n<tr style=\"height: 30px;\">\n<td style=\"background-color: #edfee3; vertical-align: top; height: 116px;\"><span style=\"font-size: small;\"><strong>Che\u0142m<\/strong><\/span><\/td>\n<td style=\"background-color: #edfee3; text-align: center; vertical-align: middle; height: 116px;\"><a href=\"https:\/\/www.ispas-ev.de\/wp-content\/uploads\/2022\/05\/Hildegard-Stein-verkleinert.jpg\"><img decoding=\"async\" loading=\"lazy\" class=\"alignnone size-medium wp-image-6213\" src=\"https:\/\/www.ispas-ev.de\/wp-content\/uploads\/2022\/05\/Hildegard-Stein-verkleinert-225x300.jpg\" alt=\"\" width=\"225\" height=\"300\" srcset=\"https:\/\/test.ispas-ev.de\/wp-content\/uploads\/2022\/05\/Hildegard-Stein-verkleinert-225x300.jpg 225w, https:\/\/test.ispas-ev.de\/wp-content\/uploads\/2022\/05\/Hildegard-Stein-verkleinert.jpg 443w\" sizes=\"(max-width: 225px) 100vw, 225px\" \/><\/a><\/td>\n<td style=\"background-color: #edfee3; vertical-align: top; height: 116px;\">\u00a0<span style=\"font-size: small;\"> <a href=\"mailto:chelm@ispas-ev.de\">Hildegard Stein<\/a><\/span><\/td>\n<td style=\"background-color: #edfee3; text-align: center; vertical-align: middle; height: 116px;\"><a href=\"https:\/\/www.ispas-ev.de\/wp-content\/uploads\/2022\/05\/Ewa-Dabrowska-1verkleinert.jpg\"><img decoding=\"async\" loading=\"lazy\" class=\"size-medium wp-image-6235 aligncenter\" src=\"https:\/\/www.ispas-ev.de\/wp-content\/uploads\/2022\/05\/Ewa-Dabrowska-1verkleinert-225x300.jpg\" alt=\"Ewa Dabrowska \" width=\"225\" height=\"300\" srcset=\"https:\/\/test.ispas-ev.de\/wp-content\/uploads\/2022\/05\/Ewa-Dabrowska-1verkleinert-225x300.jpg 225w, https:\/\/test.ispas-ev.de\/wp-content\/uploads\/2022\/05\/Ewa-Dabrowska-1verkleinert.jpg 443w\" sizes=\"(max-width: 225px) 100vw, 225px\" \/><\/a><\/td>\n<td style=\"background-color: #edfee3; vertical-align: top; height: 116px;\">\u00a0<span style=\"font-size: small;\"> <a href=\"mailto:chelm@ispas-ev.de\">Ewa Dabrowska<\/a><\/span><\/td>\n<\/tr>\n<tr style=\"height: 30px;\">\n<td style=\"background-color: #edfee3; vertical-align: top; height: 95px;\"><span style=\"font-size: small;\"><strong>Corbeil-Essonnes<br \/>\n<\/strong><\/span><\/td>\n<td style=\"background-color: #edfee3; text-align: center; vertical-align: middle; height: 95px;\"><a href=\"https:\/\/www.ispas-ev.de\/wp-content\/uploads\/2022\/10\/Jelkica-Cirilovic-1-verkleinert.jpg\"><img decoding=\"async\" loading=\"lazy\" class=\"alignnone size-medium wp-image-6618\" src=\"https:\/\/www.ispas-ev.de\/wp-content\/uploads\/2022\/10\/Jelkica-Cirilovic-1-verkleinert-225x300.jpg\" alt=\"\" width=\"225\" height=\"300\" srcset=\"https:\/\/test.ispas-ev.de\/wp-content\/uploads\/2022\/10\/Jelkica-Cirilovic-1-verkleinert-225x300.jpg 225w, https:\/\/test.ispas-ev.de\/wp-content\/uploads\/2022\/10\/Jelkica-Cirilovic-1-verkleinert.jpg 443w\" sizes=\"(max-width: 225px) 100vw, 225px\" \/><\/a><\/td>\n<td style=\"background-color: #edfee3; vertical-align: top; height: 95px;\"><span style=\"font-size: small;\"> <a href=\"mailto:corbeil@ispas-ev.de\">Jelkica Cirilovic<br \/>\n<\/a><\/span><\/td>\n<td style=\"background-color: #edfee3; text-align: center; vertical-align: middle; height: 95px;\"><\/td>\n<td style=\"background-color: #edfee3; vertical-align: top; height: 95px;\"><span style=\"font-size: small;\"><a href=\"mailto:corbeil@ispas-ev.de\">Ingrid Scholz-Hertel<br \/>\n<\/a><\/span><\/td>\n<\/tr>\n<tr style=\"height: 30px;\">\n<td style=\"background-color: #edfee3; vertical-align: top; height: 104px;\"><span style=\"font-size: small;\"><strong>Dronfield<\/strong><\/span><\/td>\n<td style=\"background-color: #edfee3; text-align: center; vertical-align: middle; height: 104px;\"><a href=\"https:\/\/www.ispas-ev.de\/wp-content\/uploads\/2022\/05\/Ute-Walker-klein.jpg\"><img decoding=\"async\" loading=\"lazy\" class=\"alignnone size-medium wp-image-6203\" src=\"https:\/\/www.ispas-ev.de\/wp-content\/uploads\/2022\/05\/Ute-Walker-klein-225x300.jpg\" alt=\"\" width=\"225\" height=\"300\" srcset=\"https:\/\/test.ispas-ev.de\/wp-content\/uploads\/2022\/05\/Ute-Walker-klein-225x300.jpg 225w, https:\/\/test.ispas-ev.de\/wp-content\/uploads\/2022\/05\/Ute-Walker-klein.jpg 443w\" sizes=\"(max-width: 225px) 100vw, 225px\" \/><\/a><\/td>\n<td style=\"background-color: #edfee3; vertical-align: top; height: 104px;\"><span style=\"font-size: small;\"><a href=\"mailto:dronfield@ispas-ev.de\">Ute Walker<\/a><\/span><\/td>\n<td style=\"background-color: #edfee3; text-align: center; vertical-align: middle; height: 104px;\"><a href=\"https:\/\/www.ispas-ev.de\/wp-content\/uploads\/2022\/05\/Andreas-Schneider-Doelker-verkleinert.jpg\"><img decoding=\"async\" loading=\"lazy\" class=\"size-medium wp-image-6219 alignnone\" src=\"https:\/\/www.ispas-ev.de\/wp-content\/uploads\/2022\/05\/Andreas-Schneider-Doelker-verkleinert-225x300.jpg\" alt=\"\" width=\"225\" height=\"300\" srcset=\"https:\/\/test.ispas-ev.de\/wp-content\/uploads\/2022\/05\/Andreas-Schneider-Doelker-verkleinert-225x300.jpg 225w, https:\/\/test.ispas-ev.de\/wp-content\/uploads\/2022\/05\/Andreas-Schneider-Doelker-verkleinert.jpg 443w\" sizes=\"(max-width: 225px) 100vw, 225px\" \/><\/a><\/td>\n<td style=\"background-color: #edfee3; vertical-align: top; height: 104px;\"><span style=\"font-size: small;\"><a href=\"mailto:dronfield@ispas-ev.de\">Andreas Schneider-D\u00f6lker<\/a><\/span><\/td>\n<\/tr>\n<tr style=\"height: 30px;\">\n<td style=\"background-color: #edfee3; vertical-align: top; height: 10px;\"><span style=\"font-size: small;\"><strong>Gy\u0151r<\/strong><\/span><\/td>\n<td style=\"background-color: #edfee3; text-align: center; vertical-align: middle; height: 10px;\"><a style=\"font-size: 13px;\" href=\"https:\/\/www.ispas-ev.de\/wp-content\/uploads\/2022\/05\/Gabor-Bende-2-verkleinert.jpg\"><img decoding=\"async\" loading=\"lazy\" class=\"alignnone size-medium wp-image-6201\" style=\"font-size: 13px;\" src=\"https:\/\/www.ispas-ev.de\/wp-content\/uploads\/2022\/05\/Gabor-Bende-2-verkleinert-225x300.jpg\" alt=\"\" width=\"225\" height=\"300\" srcset=\"https:\/\/test.ispas-ev.de\/wp-content\/uploads\/2022\/05\/Gabor-Bende-2-verkleinert-225x300.jpg 225w, https:\/\/test.ispas-ev.de\/wp-content\/uploads\/2022\/05\/Gabor-Bende-2-verkleinert.jpg 443w\" sizes=\"(max-width: 225px) 100vw, 225px\" \/><\/a><\/td>\n<td style=\"background-color: #edfee3; vertical-align: top; height: 10px;\"><span style=\"font-size: small;\"> <a href=\"mailto:gyoer@ispas-ev.de\">G\u00e1bor Bende<\/a><\/span><\/td>\n<td style=\"background-color: #edfee3; text-align: center; vertical-align: middle; height: 10px;\"><a href=\"https:\/\/www.ispas-ev.de\/wp-content\/uploads\/2022\/05\/Katalin-Ruettermann-2-verkleinert.jpg\"><img decoding=\"async\" loading=\"lazy\" class=\"alignnone size-medium wp-image-6224\" src=\"https:\/\/www.ispas-ev.de\/wp-content\/uploads\/2022\/05\/Katalin-Ruettermann-2-verkleinert-225x300.jpg\" alt=\"\" width=\"225\" height=\"300\" srcset=\"https:\/\/test.ispas-ev.de\/wp-content\/uploads\/2022\/05\/Katalin-Ruettermann-2-verkleinert-225x300.jpg 225w, https:\/\/test.ispas-ev.de\/wp-content\/uploads\/2022\/05\/Katalin-Ruettermann-2-verkleinert.jpg 443w\" sizes=\"(max-width: 225px) 100vw, 225px\" \/><\/a><\/td>\n<td style=\"background-color: #edfee3; vertical-align: top; height: 10px;\"><span style=\"font-size: small;\"><a href=\"mailto:gyoer@ispas-ev.de\">Katalin R\u00fctterman<\/a><a href=\"mailto:gyoer@ispas-ev.de\">n<\/a><\/span><\/td>\n<\/tr>\n<tr style=\"height: 30px;\">\n<td style=\"background-color: #edfee3; vertical-align: top; height: 127px;\"><span style=\"font-size: small;\"><strong>Schaffhausen<\/strong><\/span><\/td>\n<td style=\"background-color: #edfee3; text-align: center; vertical-align: middle; height: 127px;\"><a href=\"https:\/\/www.ispas-ev.de\/wp-content\/uploads\/2022\/05\/Brigitte-Stegmaier-verkleinert.jpg\"><img decoding=\"async\" loading=\"lazy\" class=\"alignnone size-medium wp-image-6200\" src=\"https:\/\/www.ispas-ev.de\/wp-content\/uploads\/2022\/05\/Brigitte-Stegmaier-verkleinert-225x300.jpg\" alt=\"\" width=\"225\" height=\"300\" srcset=\"https:\/\/test.ispas-ev.de\/wp-content\/uploads\/2022\/05\/Brigitte-Stegmaier-verkleinert-225x300.jpg 225w, https:\/\/test.ispas-ev.de\/wp-content\/uploads\/2022\/05\/Brigitte-Stegmaier-verkleinert.jpg 443w\" sizes=\"(max-width: 225px) 100vw, 225px\" \/><\/a><\/td>\n<td style=\"background-color: #edfee3; vertical-align: top; height: 127px;\"><span style=\"font-size: small;\"> <a href=\"mailto:schaffhausen@ispas-ev.de\">Brigitte Stegmaier<\/a><\/span><\/td>\n<td style=\"background-color: #edfee3; text-align: center; vertical-align: middle; height: 127px;\"><a href=\"https:\/\/www.ispas-ev.de\/wp-content\/uploads\/2022\/05\/Bettina-Schneider-verkleinert.jpg\"><img decoding=\"async\" loading=\"lazy\" class=\"alignnone size-medium wp-image-6207\" src=\"https:\/\/www.ispas-ev.de\/wp-content\/uploads\/2022\/05\/Bettina-Schneider-verkleinert-225x300.jpg\" alt=\"\" width=\"225\" height=\"300\" srcset=\"https:\/\/test.ispas-ev.de\/wp-content\/uploads\/2022\/05\/Bettina-Schneider-verkleinert-225x300.jpg 225w, https:\/\/test.ispas-ev.de\/wp-content\/uploads\/2022\/05\/Bettina-Schneider-verkleinert.jpg 443w\" sizes=\"(max-width: 225px) 100vw, 225px\" \/><\/a><\/td>\n<td style=\"background-color: #edfee3; vertical-align: top; height: 127px;\"><span style=\"font-size: small;\">\u00a0<a href=\"mailto:schaffhausen@ispas-ev.de\">Bettina<br \/>\nSchneider<\/a><\/span><\/td>\n<\/tr>\n<tr style=\"height: 30px;\">\n<td style=\"background-color: #edfee3; vertical-align: top; height: 124px;\"><span style=\"font-size: small;\"><strong>Sondrio<\/strong><\/span><\/td>\n<td style=\"background-color: #edfee3; text-align: center; vertical-align: middle; height: 124px;\"><a href=\"https:\/\/www.ispas-ev.de\/wp-content\/uploads\/2022\/05\/Italia-Frazzetta-verkleinert.jpg\"><img decoding=\"async\" loading=\"lazy\" class=\"alignnone size-medium wp-image-6205\" src=\"https:\/\/www.ispas-ev.de\/wp-content\/uploads\/2022\/05\/Italia-Frazzetta-verkleinert-225x300.jpg\" alt=\"\" width=\"225\" height=\"300\" srcset=\"https:\/\/test.ispas-ev.de\/wp-content\/uploads\/2022\/05\/Italia-Frazzetta-verkleinert-225x300.jpg 225w, https:\/\/test.ispas-ev.de\/wp-content\/uploads\/2022\/05\/Italia-Frazzetta-verkleinert.jpg 443w\" sizes=\"(max-width: 225px) 100vw, 225px\" \/><\/a><\/td>\n<td style=\"background-color: #edfee3; vertical-align: top; height: 124px;\"><span style=\"font-size: small;\"> <a href=\"mailto:sondrio@ispas-ev.de\">Italia Graziano Frazzetta<\/a><\/span><\/td>\n<td style=\"background-color: #edfee3; text-align: center; vertical-align: middle; height: 124px;\">\u00a0<a href=\"https:\/\/www.ispas-ev.de\/wp-content\/uploads\/2022\/05\/Dr.-Gudrun-Kemmerling-verkleinert.jpg\"><img decoding=\"async\" loading=\"lazy\" class=\"size-medium wp-image-6210 aligncenter\" src=\"https:\/\/www.ispas-ev.de\/wp-content\/uploads\/2022\/05\/Dr.-Gudrun-Kemmerling-verkleinert-225x300.jpg\" alt=\"\" width=\"225\" height=\"300\" srcset=\"https:\/\/test.ispas-ev.de\/wp-content\/uploads\/2022\/05\/Dr.-Gudrun-Kemmerling-verkleinert-225x300.jpg 225w, https:\/\/test.ispas-ev.de\/wp-content\/uploads\/2022\/05\/Dr.-Gudrun-Kemmerling-verkleinert.jpg 443w\" sizes=\"(max-width: 225px) 100vw, 225px\" \/><\/a><\/td>\n<td style=\"background-color: #edfee3; vertical-align: top; height: 124px;\"><span style=\"font-size: small;\"><a href=\"mailto:sondrio@ispas-ev.de\">Gudrun Kemmerling<\/a><\/span><\/td>\n<\/tr>\n<tr style=\"height: 30px;\">\n<td style=\"background-color: #edfee3; vertical-align: top; height: 98px;\"><span style=\"font-size: small;\"><strong>Torgau<\/strong><\/span><\/td>\n<td style=\"background-color: #edfee3; text-align: center; vertical-align: middle; height: 98px;\"><a href=\"https:\/\/www.ispas-ev.de\/wp-content\/uploads\/2022\/05\/Alexandra-Keller-2-verkleinert.jpg\"><img decoding=\"async\" loading=\"lazy\" class=\"alignnone size-medium wp-image-6215\" src=\"https:\/\/www.ispas-ev.de\/wp-content\/uploads\/2022\/05\/Alexandra-Keller-2-verkleinert-225x300.jpg\" alt=\"\" width=\"225\" height=\"300\" srcset=\"https:\/\/test.ispas-ev.de\/wp-content\/uploads\/2022\/05\/Alexandra-Keller-2-verkleinert-225x300.jpg 225w, https:\/\/test.ispas-ev.de\/wp-content\/uploads\/2022\/05\/Alexandra-Keller-2-verkleinert.jpg 443w\" sizes=\"(max-width: 225px) 100vw, 225px\" \/><\/a><\/td>\n<td style=\"background-color: #edfee3; vertical-align: top; height: 98px;\"><span style=\"font-size: small;\"> <a href=\"mailto:torgau@ispas-ev.de\">Alexandra Keller<\/a><\/span><\/td>\n<td style=\"background-color: #edfee3; text-align: center; vertical-align: middle; height: 98px;\"><a href=\"https:\/\/www.ispas-ev.de\/wp-content\/uploads\/2022\/05\/Ingrid-Pitterle-verkleinert.jpg\"><img decoding=\"async\" loading=\"lazy\" class=\"alignnone size-medium wp-image-6204\" src=\"https:\/\/www.ispas-ev.de\/wp-content\/uploads\/2022\/05\/Ingrid-Pitterle-verkleinert-225x300.jpg\" alt=\"\" width=\"225\" height=\"300\" srcset=\"https:\/\/test.ispas-ev.de\/wp-content\/uploads\/2022\/05\/Ingrid-Pitterle-verkleinert-225x300.jpg 225w, https:\/\/test.ispas-ev.de\/wp-content\/uploads\/2022\/05\/Ingrid-Pitterle-verkleinert.jpg 443w\" sizes=\"(max-width: 225px) 100vw, 225px\" \/><\/a><\/td>\n<td style=\"background-color: #edfee3; vertical-align: top; height: 98px;\"><span style=\"font-size: small;\"><a href=\"mailto:torgau@ispas-ev.de\">Ingrid Pitterle<\/a><br \/>\n<\/span><\/td>\n<\/tr>\n<\/tbody>\n<\/table>\n<p>&nbsp;<\/p>\n","protected":false},"excerpt":{"rendered":"<p>&nbsp; Vorsitzende Brigitte Stegmaier Stellvertreter Wolfgang Trefz&nbsp; Stellvertreterin\u00a0 Ute Walker Pressesprecherin &nbsp; Ursula Steinh\u00fcbl Schriftf\u00fchrerin &nbsp; Ursula Steinh\u00fcbl Schatzmeisterin &nbsp; Rita Fischer &nbsp; &nbsp; &nbsp; \u200b \u200b \u200b Partnerstadt 1. [&hellip;]<\/p>\n","protected":false},"author":2,"featured_media":5597,"parent":1138,"menu_order":0,"comment_status":"closed","ping_status":"closed","template":"","meta":{"ngg_post_thumbnail":0},"_links":{"self":[{"href":"https:\/\/test.ispas-ev.de\/index.php?rest_route=\/wp\/v2\/pages\/1219"}],"collection":[{"href":"https:\/\/test.ispas-ev.de\/index.php?rest_route=\/wp\/v2\/pages"}],"about":[{"href":"https:\/\/test.ispas-ev.de\/index.php?rest_route=\/wp\/v2\/types\/page"}],"author":[{"embeddable":true,"href":"https:\/\/test.ispas-ev.de\/index.php?rest_route=\/wp\/v2\/users\/2"}],"replies":[{"embeddable":true,"href":"https:\/\/test.ispas-ev.de\/index.php?rest_route=%2Fwp%2Fv2%2Fcomments&post=1219"}],"version-history":[{"count":112,"href":"https:\/\/test.ispas-ev.de\/index.php?rest_route=\/wp\/v2\/pages\/1219\/revisions"}],"predecessor-version":[{"id":7011,"href":"https:\/\/test.ispas-ev.de\/index.php?rest_route=\/wp\/v2\/pages\/1219\/revisions\/7011"}],"up":[{"embeddable":true,"href":"https:\/\/test.ispas-ev.de\/index.php?rest_route=\/wp\/v2\/pages\/1138"}],"wp:featuredmedia":[{"embeddable":true,"href":"https:\/\/test.ispas-ev.de\/index.php?rest_route=\/wp\/v2\/media\/5597"}],"wp:attachment":[{"href":"https:\/\/test.ispas-ev.de\/index.php?rest_route=%2Fwp%2Fv2%2Fmedia&parent=1219"}],"curies":[{"name":"wp","href":"https:\/\/api.w.org\/{rel}","templated":true}]}}