{"id":1138,"date":"2012-03-05T12:05:04","date_gmt":"2012-03-05T11:05:04","guid":{"rendered":"http:\/\/www.ispas-ev.de\/?page_id=1138"},"modified":"2022-07-13T14:34:49","modified_gmt":"2022-07-13T12:34:49","slug":"der-verein-2","status":"publish","type":"page","link":"https:\/\/test.ispas-ev.de\/?page_id=1138","title":{"rendered":"Der Verein"},"content":{"rendered":"<p>Unser Flyer: <a href=\"https:\/\/www.ispas-ev.de\/wp-content\/uploads\/2022\/07\/2022_01-18-V02-Image-Flyer_S.1-16.pdf\">2022_01-18 (V02) Image-Flyer_S.1-16<\/a><\/p>\n<p><span style=\"font-family: arial,helvetica,sans-serif; font-size: small; color: #000000;\"><a href=\"https:\/\/www.ispas-ev.de\/wp-content\/uploads\/2012\/03\/ISPAS-Flyer.jpg\"><img decoding=\"async\" loading=\"lazy\" class=\"size-full wp-image-3230 aligncenter\" src=\"https:\/\/www.ispas-ev.de\/wp-content\/uploads\/2012\/03\/ISPAS-Flyer.jpg\" alt=\"ISPAS-Flyer\" width=\"789\" height=\"797\" \/><\/a><\/span><\/p>\n<p>Im Jahr 2020 konnte der Verein \u201eInitiative St\u00e4dtepartnerschaften Sindelfingen e.V.\u201c (ISPAS) auf 25 Jahre engagierter T\u00e4tigkeit zur\u00fcckblicken. Er wurde als gemeinn\u00fctziger Verein gegr\u00fcndet und hat sich in all den Jahren in Sindelfingen und den Partnerst\u00e4dten einen Namen gemacht. Heute hat der Verein ca. 140 Mitglieder und freut sich \u00fcber weitere Personen, die dem Verein beitreten, um die partnerschaftliche Arbeit zu unterst\u00fctzen. ISPAS f\u00f6rdert im Rahmen der von der Stadt Sindelfingen geschlossenen St\u00e4dtepartnerschaften den europ\u00e4ischen Gedanken sowie den Partnerschaftsgedanken und leistet damit einen aktiven Beitrag zur V\u00f6lkerverst\u00e4ndigung. Die Zielsetzung erfolgt in enger Zusammenarbeit mit dem Partnerschaftsb\u00fcro der Stadt Sindelfingen und dem Gemeinderat. Grundlage hierf\u00fcr sind die bestehenden Vertr\u00e4ge zwischen den Partnerst\u00e4dten und der Stadt Sindelfingen.<\/p>\n<p>ISPAS koordiniert und vermittelt u.a. G\u00e4ste aus den Partnerst\u00e4dten an private Gastgeber in Sindelfingen. Diese Koordination wird von Jahr zu Jahr schwieriger und es werden deshalb sehr gerne neue Quartiergeber aufgenommen. Der Verein unterst\u00fctzt Sch\u00fclerinnen und Sch\u00fcler sowie Studentinnen und Studenten aus den Partnerst\u00e4dten bei ihren Sprachstudien sowie bei der Suche nach Ferienjobs, Unterkunft und Ausflugszielen. In den vergangenen Jahren wurden B\u00fcrgerfahrten nach\u00a0Che\u0142m, Corbeil-Essonnes, Dronfield, Gy\u0151r, Schaffhausen, Sondrio und Torgau durchgef\u00fchrt und neun Mal ein EU-Jugendprojekt mit Sch\u00fclerinnen und Sch\u00fclern aus den Partnerst\u00e4dten durchgef\u00fchrt.<\/p>\n<p>Bei partnerschaftlichen Veranstaltungen der Stadt Sindelfingen stellt ISPAS jeweils Dolmetscher zur Verf\u00fcgung, so auch beim Internationalen Stra\u00dfenfest, an dem sich der Verein seit 1996 aktiv beteiligt.<\/p>\n<p>In den vergangenen Jahren luden ISPAS und die Stadt Sindelfingen w\u00e4hrend des Internationalen Stra\u00dfenfests (immer am dritten Wochenende im Juni) in die Ziegelstra\u00dfe\/Ecke Planiestra\u00dfe, auf den Platz der Partnerst\u00e4dte ein. Es wurde nicht nur ein reichhaltiges Programm auf der Partnerschaftsb\u00fchne angeboten, sondern alle Partnerst\u00e4dte brachten die Tradition ihres Landes und ihrer Stadt mit nach Sindelfingen. Bei Essen und Trinken, ausl\u00e4ndischer Kultur, guten Gespr\u00e4chen und Kontakten in deutscher Sprache, oder aber in der jeweiligen Landessprache sp\u00fcrte man das Flair der jeweiligen Partnerstadt, lernte es kennen und sch\u00e4tzen. Dazu geh\u00f6rten ganz entschieden die pers\u00f6nlichen Kontakte, die sich \u00fcber die Jahre festigten.<\/p>\n<p><strong>Ausblick unserer weiteren Vereinsarbeit sind:<\/strong><\/p>\n<p>J\u00e4hrliche Angebote der B\u00fcrgerfahrten in die Partnerst\u00e4dte<\/p>\n<p>Kulturelle Angebote wie z.B. Vortr\u00e4ge, F\u00fchrungen, Wanderungen etc.<\/p>\n<p>Jugendaustausch und Jugendprojekte (Theater, Tanz, Musik etc.)<\/p>\n<p>Ausbau der Zusammenarbeit mit der Stadt Sindelfingen<\/p>\n<p>&nbsp;<\/p>\n<p><em>Brigitte Stegmaier, Vorsitzende \/ 2021<\/em><\/p>\n<p><a href=\"https:\/\/www.ispas-ev.de\/wp-content\/uploads\/2022\/05\/Gruppenfoto-mit-Gabor-1-verkleinert-Treppe.jpg\"><img decoding=\"async\" loading=\"lazy\" class=\"size-medium wp-image-6226 alignright\" src=\"https:\/\/www.ispas-ev.de\/wp-content\/uploads\/2022\/05\/Gruppenfoto-mit-Gabor-1-verkleinert-Treppe-225x300.jpg\" alt=\"\" width=\"225\" height=\"300\" srcset=\"https:\/\/test.ispas-ev.de\/wp-content\/uploads\/2022\/05\/Gruppenfoto-mit-Gabor-1-verkleinert-Treppe-225x300.jpg 225w, https:\/\/test.ispas-ev.de\/wp-content\/uploads\/2022\/05\/Gruppenfoto-mit-Gabor-1-verkleinert-Treppe.jpg 443w\" sizes=\"(max-width: 225px) 100vw, 225px\" \/><\/a><img decoding=\"async\" src=\"https:\/\/www.ispas-ev.de\/wp-content\/uploads\/2022\/05\/Brigitte-Stegmaier-verkleinert-225x300.jpg\" \/><\/p>\n<p>&nbsp;<\/p>\n<p>&nbsp;<\/p>\n","protected":false},"excerpt":{"rendered":"<p>Unser Flyer: 2022_01-18 (V02) Image-Flyer_S.1-16 Im Jahr 2020 konnte der Verein \u201eInitiative St\u00e4dtepartnerschaften Sindelfingen e.V.\u201c (ISPAS) auf 25 Jahre engagierter T\u00e4tigkeit zur\u00fcckblicken. Er wurde als gemeinn\u00fctziger Verein gegr\u00fcndet und hat [&hellip;]<\/p>\n","protected":false},"author":8,"featured_media":0,"parent":0,"menu_order":20,"comment_status":"closed","ping_status":"closed","template":"","meta":{"ngg_post_thumbnail":0},"_links":{"self":[{"href":"https:\/\/test.ispas-ev.de\/index.php?rest_route=\/wp\/v2\/pages\/1138"}],"collection":[{"href":"https:\/\/test.ispas-ev.de\/index.php?rest_route=\/wp\/v2\/pages"}],"about":[{"href":"https:\/\/test.ispas-ev.de\/index.php?rest_route=\/wp\/v2\/types\/page"}],"author":[{"embeddable":true,"href":"https:\/\/test.ispas-ev.de\/index.php?rest_route=\/wp\/v2\/users\/8"}],"replies":[{"embeddable":true,"href":"https:\/\/test.ispas-ev.de\/index.php?rest_route=%2Fwp%2Fv2%2Fcomments&post=1138"}],"version-history":[{"count":42,"href":"https:\/\/test.ispas-ev.de\/index.php?rest_route=\/wp\/v2\/pages\/1138\/revisions"}],"predecessor-version":[{"id":6229,"href":"https:\/\/test.ispas-ev.de\/index.php?rest_route=\/wp\/v2\/pages\/1138\/revisions\/6229"}],"wp:attachment":[{"href":"https:\/\/test.ispas-ev.de\/index.php?rest_route=%2Fwp%2Fv2%2Fmedia&parent=1138"}],"curies":[{"name":"wp","href":"https:\/\/api.w.org\/{rel}","templated":true}]}}